{"id":4668,"date":"2023-08-24T14:31:54","date_gmt":"2023-08-24T11:31:54","guid":{"rendered":"https:\/\/dentalclinicnisantasi.com\/%d8%a3%d8%b3%d8%a6%d9%84%d8%a9-%d9%85%d9%83%d8%b1%d8%b1%d8%a9\/"},"modified":"2023-09-14T17:12:44","modified_gmt":"2023-09-14T14:12:44","slug":"%d8%a3%d8%b3%d8%a6%d9%84%d8%a9-%d9%85%d9%83%d8%b1%d8%b1%d8%a9","status":"publish","type":"page","link":"https:\/\/dentalclinicnisantasi.com\/ar\/%d8%a3%d8%b3%d8%a6%d9%84%d8%a9-%d9%85%d9%83%d8%b1%d8%b1%d8%a9\/","title":{"rendered":"\u0623\u0633\u0626\u0644\u0629 \u0645\u0643\u0631\u0631\u0629"},"content":{"rendered":"\t\t<div data-elementor-type=\"wp-page\" data-elementor-id=\"4668\" class=\"elementor elementor-4668 elementor-1988\">\n\t\t\t\t\t\t\t<div class=\"elementor-element elementor-element-7800a91 e-flex e-con-boxed e-con e-parent\" data-id=\"7800a91\" data-element_type=\"container\" data-settings=\"{&quot;content_width&quot;:&quot;boxed&quot;}\" data-core-v316-plus=\"true\">\n\t\t\t\t\t<div class=\"e-con-inner\">\n\t\t\t\t<div class=\"elementor-element elementor-element-de51265 elementor-widget elementor-widget-hub_fancy_heading\" data-id=\"de51265\" data-element_type=\"widget\" data-widget_type=\"hub_fancy_heading.default\">\n\t\t\t\t<div class=\"elementor-widget-container\">\n\t\t\t\n\t\t<div id=\"ld-fancy-heading-69f0f6f3647a3\" class=\"ld-fancy-heading pos-rel\">\n\t\t\t<h2 class=\"ld-fh-element d-inline-block pos-rel  elementor-heading-title lqd-highlight-classic lqd-highlight-grow-left h2\"  > A\u011f\u0131z Di\u015f ve \u00c7ene Radyolojisi<\/h2>\t\t<\/div>\n\n\t\t\t\t<\/div>\n\t\t\t\t<\/div>\n\t\t\t\t\t<\/div>\n\t\t\t\t<\/div>\n\t\t<div class=\"elementor-element elementor-element-59e9e77 e-flex e-con-boxed e-con e-parent\" data-id=\"59e9e77\" data-element_type=\"container\" data-settings=\"{&quot;content_width&quot;:&quot;boxed&quot;}\" data-core-v316-plus=\"true\">\n\t\t\t\t\t<div class=\"e-con-inner\">\n\t\t\t\t<div class=\"elementor-element elementor-element-7d4b548 elementor-widget elementor-widget-ld_accordion\" data-id=\"7d4b548\" data-element_type=\"widget\" data-widget_type=\"ld_accordion.default\">\n\t\t\t\t<div class=\"elementor-widget-container\">\n\t\t\t\n\t\t<div class=\"accordion accordion-body-bordered accordion-sm\" id=\"accordion-69f0f6f368e63\" role=\"tablist\" aria-multiselectable=\"true\">\n\t\t\t\t\t\t\t\t\t\t\t\t<div class=\"accordion-item panel  active\">\n\t\t\t\t\n\t\t\t\t<div class=\"accordion-heading\" role=\"tab\" id=\"heading-1311\">\n\t\t\t\t<h5 class=\"accordion-title \">\t\t\t\t\t<a class=\"\" role=\"button\" data-toggle=\"collapse\" \n\t\t\t\t\tdata-parent=\"#accordion-69f0f6f368e63\" href=\"#collapse-1311\" \n\t\t\t\t\taria-expanded=\"true\" aria-controls=\"collapse-1311\">\n\t\t\t\t\t\t\t\t\t\t\t\t<span class=\"accordion-title-txt\">Di\u015f Filmi \u00c7ektirmemizin Amac\u0131 Nedir?<\/span>\n\t\t\t\t\t\t\t\t\t\t\t\t\t<span class=\"accordion-expander\"><i class=\"fa fa-chevron-down\"><\/i><i class=\"fa fa-chevron-up\"><\/i><\/span>\t\t\t\t\t\t\t\t\t\t\t<\/a>\n\t\t\t\t<\/h5>\t\t\t\t<\/div>\n\t\t\t\t\n\t\t\t\t<div id=\"collapse-1311\" class=\"accordion-collapse collapse  in\" role=\"tabpanel\" aria-labelledby=\"heading-1311\">\n\n\t\t\t\t<div class=\"accordion-content\">\n\t\t\t\t\t<p>Di\u015fleri bar\u0131nd\u0131ran ve g\u00f6zle g\u00f6r\u00fclmeyen kemik i\u00e7i yap\u0131lar\u0131n durumunun izlenmesi, var olan di\u015f\/di\u015feti rahats\u0131zl\u0131klar\u0131n\u0131n k\u00f6k ve kemik ile olan ili\u015fkilerinin belirlenmesi amac\u0131yla di\u015f filmi \u00e7ektirilir. Bu da ba\u015flang\u0131\u00e7ta var olan ya da d\u0131\u015far\u0131dan g\u00f6zle g\u00f6r\u00fclemeyecek rahats\u0131zl\u0131klar\u0131n te\u015fhis edilmesine ve erken tedavisine olanak sa\u011flar. A\u011f\u0131z i\u00e7erisindeki di\u015f yap\u0131s\u0131 bozukluklar\u0131, herhangi bir iltihap varsa hangi di\u015ften kaynakland\u0131\u011f\u0131, di\u015f k\u00f6klerinde mevcut olan k\u0131r\u0131klar, t\u00fcm\u00f6r ve kistler i\u00e7in r\u00f6ntgen \u00e7ekmek en do\u011fru sonucu verir.<\/p>\t\t\t\t<\/div>\n\t\t\t\t\t\t\n\t\t\t\t<\/div>\n\t\t\t\t\n\t\t\t<\/div>\n\t\t\t\t\t\t\t\t\t<div class=\"accordion-item panel \">\n\t\t\t\t\n\t\t\t\t<div class=\"accordion-heading\" role=\"tab\" id=\"heading-1312\">\n\t\t\t\t<h5 class=\"accordion-title \">\t\t\t\t\t<a class=\"collapsed\" role=\"button\" data-toggle=\"collapse\" \n\t\t\t\t\tdata-parent=\"#accordion-69f0f6f368e63\" href=\"#collapse-1312\" \n\t\t\t\t\taria-expanded=\"false\" aria-controls=\"collapse-1312\">\n\t\t\t\t\t\t\t\t\t\t\t\t<span class=\"accordion-title-txt\">Di\u015f R\u00f6ntgen Filmi \u00c7ektirmenin I\u015f\u0131n Alma Y\u00f6n\u00fcnden Bir Sak\u0131ncas\u0131 Var m\u0131d\u0131r?<\/span>\n\t\t\t\t\t\t\t\t\t\t\t\t\t<span class=\"accordion-expander\"><i class=\"fa fa-chevron-down\"><\/i><i class=\"fa fa-chevron-up\"><\/i><\/span>\t\t\t\t\t\t\t\t\t\t\t<\/a>\n\t\t\t\t<\/h5>\t\t\t\t<\/div>\n\t\t\t\t\n\t\t\t\t<div id=\"collapse-1312\" class=\"accordion-collapse collapse \" role=\"tabpanel\" aria-labelledby=\"heading-1312\">\n\n\t\t\t\t<div class=\"accordion-content\">\n\t\t\t\t\t<p>Modern di\u015f radyolojisi cihaz ve metotlar\u0131 ile \u00e7ekilen di\u015f r\u00f6ntgeninden al\u0131nan doz minimal d\u00fczeydedir. Tek bir di\u015f r\u00f6ntgen filminden al\u0131nan \u0131\u015f\u0131n dozu, g\u00fcne\u015f \u0131\u015f\u0131\u011f\u0131na maruz kal\u0131nd\u0131\u011f\u0131nda al\u0131nan radyasyondan bile daha azd\u0131r. Tek seferde t\u00fcm a\u011f\u0131zdan 16 tane di\u015f r\u00f6ntgeni al\u0131nmas\u0131nda t\u0131bbi a\u00e7\u0131dan herhangi bir sak\u0131nca yoktur. Aksine te\u015fhis a\u00e7\u0131s\u0131ndan r\u00f6ntgenden elde edilen fayda \u00e7ok daha fazlad\u0131r.<\/p>\t\t\t\t<\/div>\n\t\t\t\t\t\t\n\t\t\t\t<\/div>\n\t\t\t\t\n\t\t\t<\/div>\n\t\t\t\t\t\t\t\t\t<div class=\"accordion-item panel \">\n\t\t\t\t\n\t\t\t\t<div class=\"accordion-heading\" role=\"tab\" id=\"heading-1313\">\n\t\t\t\t<h5 class=\"accordion-title \">\t\t\t\t\t<a class=\"collapsed\" role=\"button\" data-toggle=\"collapse\" \n\t\t\t\t\tdata-parent=\"#accordion-69f0f6f368e63\" href=\"#collapse-1313\" \n\t\t\t\t\taria-expanded=\"false\" aria-controls=\"collapse-1313\">\n\t\t\t\t\t\t\t\t\t\t\t\t<span class=\"accordion-title-txt\">Hamilelik D\u00f6neminde Di\u015f Filmi \u00c7ektirebilir miyim?<\/span>\n\t\t\t\t\t\t\t\t\t\t\t\t\t<span class=\"accordion-expander\"><i class=\"fa fa-chevron-down\"><\/i><i class=\"fa fa-chevron-up\"><\/i><\/span>\t\t\t\t\t\t\t\t\t\t\t<\/a>\n\t\t\t\t<\/h5>\t\t\t\t<\/div>\n\t\t\t\t\n\t\t\t\t<div id=\"collapse-1313\" class=\"accordion-collapse collapse \" role=\"tabpanel\" aria-labelledby=\"heading-1313\">\n\n\t\t\t\t<div class=\"accordion-content\">\n\t\t\t\t\t<p>Hamileler di\u015f sorunlar\u0131 i\u00e7in r\u00f6ntgen \u00e7ektirmekten ka\u00e7\u0131nmal\u0131d\u0131r. E\u011fer gerekliyse kur\u015fun \u00f6nl\u00fck giyilerek \u00e7ekilmelidir.<\/p>\t\t\t\t<\/div>\n\t\t\t\t\t\t\n\t\t\t\t<\/div>\n\t\t\t\t\n\t\t\t<\/div>\n\t\t\t\t\t\t\t\t\t<div class=\"accordion-item panel \">\n\t\t\t\t\n\t\t\t\t<div class=\"accordion-heading\" role=\"tab\" id=\"heading-1314\">\n\t\t\t\t<h5 class=\"accordion-title \">\t\t\t\t\t<a class=\"collapsed\" role=\"button\" data-toggle=\"collapse\" \n\t\t\t\t\tdata-parent=\"#accordion-69f0f6f368e63\" href=\"#collapse-1314\" \n\t\t\t\t\taria-expanded=\"false\" aria-controls=\"collapse-1314\">\n\t\t\t\t\t\t\t\t\t\t\t\t<span class=\"accordion-title-txt\">Var Olan Eski R\u00f6ntgen Filmlerini Saklamam Gerekir mi?<\/span>\n\t\t\t\t\t\t\t\t\t\t\t\t\t<span class=\"accordion-expander\"><i class=\"fa fa-chevron-down\"><\/i><i class=\"fa fa-chevron-up\"><\/i><\/span>\t\t\t\t\t\t\t\t\t\t\t<\/a>\n\t\t\t\t<\/h5>\t\t\t\t<\/div>\n\t\t\t\t\n\t\t\t\t<div id=\"collapse-1314\" class=\"accordion-collapse collapse \" role=\"tabpanel\" aria-labelledby=\"heading-1314\">\n\n\t\t\t\t<div class=\"accordion-content\">\n\t\t\t\t\t<p>E\u011fer elinizde bulunan r\u00f6ntgen filmleri teknik olarak sorunlu ya da \u015fimdiki durumunuzu yans\u0131tmayacak kadar eski ise muayene s\u0131ras\u0131nda kullan\u0131lmas\u0131 uygun de\u011fildir. 6 aydan daha eski r\u00f6ntgen filmlerinin yerine yenisi \u00e7ekilmelidir. Fakat eski r\u00f6ntgen filmlerinin muayene s\u0131ras\u0131nda yan\u0131n\u0131zda bulundurulmas\u0131 \u015fimdiki durumla eski durumun k\u0131yaslanmas\u0131 a\u00e7\u0131s\u0131ndan faydal\u0131d\u0131r. Bu nedenle eski r\u00f6ntgen filmleri at\u0131lmamal\u0131, muayeneye gelirken getirilmelidir.<\/p>\t\t\t\t<\/div>\n\t\t\t\t\t\t\n\t\t\t\t<\/div>\n\t\t\t\t\n\t\t\t<\/div>\n\t\t\t\t\t\t\t\t\t<div class=\"accordion-item panel \">\n\t\t\t\t\n\t\t\t\t<div class=\"accordion-heading\" role=\"tab\" id=\"heading-1315\">\n\t\t\t\t<h5 class=\"accordion-title \">\t\t\t\t\t<a class=\"collapsed\" role=\"button\" data-toggle=\"collapse\" \n\t\t\t\t\tdata-parent=\"#accordion-69f0f6f368e63\" href=\"#collapse-1315\" \n\t\t\t\t\taria-expanded=\"false\" aria-controls=\"collapse-1315\">\n\t\t\t\t\t\t\t\t\t\t\t\t<span class=\"accordion-title-txt\">Dental Tomografi Nedir? Ni\u00e7in Tercih edilmektedir? I\u015f\u0131n Alma A\u00e7\u0131s\u0131ndan Bir Sak\u0131ncas\u0131 Var m\u0131d\u0131r?<\/span>\n\t\t\t\t\t\t\t\t\t\t\t\t\t<span class=\"accordion-expander\"><i class=\"fa fa-chevron-down\"><\/i><i class=\"fa fa-chevron-up\"><\/i><\/span>\t\t\t\t\t\t\t\t\t\t\t<\/a>\n\t\t\t\t<\/h5>\t\t\t\t<\/div>\n\t\t\t\t\n\t\t\t\t<div id=\"collapse-1315\" class=\"accordion-collapse collapse \" role=\"tabpanel\" aria-labelledby=\"heading-1315\">\n\n\t\t\t\t<div class=\"accordion-content\">\n\t\t\t\t\t<p>Dental tomografi x-\u0131\u015f\u0131n\u0131 kullan\u0131larak incelenmek istenilen b\u00f6lgenin kesitsel g\u00f6r\u00fcnt\u00fcs\u00fcn\u00fc olu\u015fturmaya y\u00f6nelik radyolojik te\u015fhis y\u00f6ntemidir. Tomografi g\u00f6r\u00fcnt\u00fcs\u00fc ile normal r\u00f6ntgen filmlerinde g\u00f6r\u00fclmeyen kemik ve yumu\u015fak doku detaylar\u0131 g\u00f6r\u00fclebilmektedir. Dental tomografi cihaz\u0131 ile 3 plandan \u00e7ok say\u0131da kesit al\u0131n\u0131r. Daha sonra bu kesitler ileri d\u00fczey yaz\u0131l\u0131mlar yolu ile yeniden dilimlenip yap\u0131land\u0131r\u0131larak hedeflenen b\u00f6lgenin istenilen a\u00e7\u0131dan ve her y\u00f6nden g\u00f6r\u00fcnt\u00fclenebilmesi sa\u011flan\u0131r.<br>Di\u011fer dental g\u00f6r\u00fcnt\u00fcleme y\u00f6ntemleri ile g\u00f6r\u00fcnt\u00fclenemeyen alanlar tomografi ile g\u00f6r\u00fcnt\u00fclenmektedir. T\u0131pta kullan\u0131lan tomografi cihazlar\u0131na g\u00f6re %90\u2019a varan oranda daha az radyasyon ile g\u00f6r\u00fcnt\u00fcleme ger\u00e7ekle\u015fmektedir. X-\u0131\u015f\u0131nlar\u0131 yaln\u0131zca hedeflenen b\u00f6lgeye g\u00f6nderildi\u011finden, tiroid bezi ve katarakt gibi hassas organlar radyasyondan korunur. G\u00f6r\u00fcnt\u00fc kalitesi \u00e7ok y\u00fcksektir. Y\u00fcksek te\u015fhis detay\u0131 ve \u00f6l\u00e7\u00fcm do\u011frulu\u011fu veren bu kesitler her t\u00fcrl\u00fc tedavide yol g\u00f6sterici olmaktad\u0131r. Ayr\u0131ca bu teknikle kafatas\u0131n\u0131n hacimsel g\u00f6r\u00fcnt\u00fcs\u00fc olu\u015fturularak kemik yap\u0131s\u0131 da incelenebilmektedir.<\/p>\t\t\t\t<\/div>\n\t\t\t\t\t\t\n\t\t\t\t<\/div>\n\t\t\t\t\n\t\t\t<\/div>\n\t\t\t\t\t\t\t\t\t<div class=\"accordion-item panel \">\n\t\t\t\t\n\t\t\t\t<div class=\"accordion-heading\" role=\"tab\" id=\"heading-1316\">\n\t\t\t\t<h5 class=\"accordion-title \">\t\t\t\t\t<a class=\"collapsed\" role=\"button\" data-toggle=\"collapse\" \n\t\t\t\t\tdata-parent=\"#accordion-69f0f6f368e63\" href=\"#collapse-1316\" \n\t\t\t\t\taria-expanded=\"false\" aria-controls=\"collapse-1316\">\n\t\t\t\t\t\t\t\t\t\t\t\t<span class=\"accordion-title-txt\">Ne S\u0131kl\u0131kta Di\u015flerimi Muayene Ettirmem Gerekir?<\/span>\n\t\t\t\t\t\t\t\t\t\t\t\t\t<span class=\"accordion-expander\"><i class=\"fa fa-chevron-down\"><\/i><i class=\"fa fa-chevron-up\"><\/i><\/span>\t\t\t\t\t\t\t\t\t\t\t<\/a>\n\t\t\t\t<\/h5>\t\t\t\t<\/div>\n\t\t\t\t\n\t\t\t\t<div id=\"collapse-1316\" class=\"accordion-collapse collapse \" role=\"tabpanel\" aria-labelledby=\"heading-1316\">\n\n\t\t\t\t<div class=\"accordion-content\">\n\t\t\t\t\t<p>D\u00fczenli \u015fekilde f\u0131r\u00e7alanan di\u015flerin a\u011fr\u0131mamas\u0131, problem olmad\u0131\u011f\u0131 anlam\u0131na gelmemektedir. En az alt\u0131 ayda bir ayr\u0131nt\u0131l\u0131 bir di\u015f kontrol\u00fcn\u00fcn yap\u0131lmas\u0131 gereklidir.<\/p>\t\t\t\t<\/div>\n\t\t\t\t\t\t\n\t\t\t\t<\/div>\n\t\t\t\t\n\t\t\t<\/div>\n\t\t\t\t\t\t\t\t\t<div class=\"accordion-item panel \">\n\t\t\t\t\n\t\t\t\t<div class=\"accordion-heading\" role=\"tab\" id=\"heading-1317\">\n\t\t\t\t<h5 class=\"accordion-title \">\t\t\t\t\t<a class=\"collapsed\" role=\"button\" data-toggle=\"collapse\" \n\t\t\t\t\tdata-parent=\"#accordion-69f0f6f368e63\" href=\"#collapse-1317\" \n\t\t\t\t\taria-expanded=\"false\" aria-controls=\"collapse-1317\">\n\t\t\t\t\t\t\t\t\t\t\t\t<span class=\"accordion-title-txt\">A\u011fz\u0131mda Meydana Gelen Kanama, Koku, Uyu\u015fma, Yanma Gibi De\u011fi\u015fiklikler V\u00fccudumdaki Hastal\u0131klar\u0131n Belirtisi Olabilir mi?<\/span>\n\t\t\t\t\t\t\t\t\t\t\t\t\t<span class=\"accordion-expander\"><i class=\"fa fa-chevron-down\"><\/i><i class=\"fa fa-chevron-up\"><\/i><\/span>\t\t\t\t\t\t\t\t\t\t\t<\/a>\n\t\t\t\t<\/h5>\t\t\t\t<\/div>\n\t\t\t\t\n\t\t\t\t<div id=\"collapse-1317\" class=\"accordion-collapse collapse \" role=\"tabpanel\" aria-labelledby=\"heading-1317\">\n\n\t\t\t\t<div class=\"accordion-content\">\n\t\t\t\t\t<p>Evet, olabilir. Bu nedenle, yak\u0131nmalar\u0131n\u0131z\u0131n a\u011f\u0131z ve di\u015f kaynakl\u0131 m\u0131, yoksa v\u00fccudunuzdaki di\u011fer d\u00fczensizlikler nedeniyle mi olu\u015ftu\u011funu belirlemek \u00fczere mutlaka di\u015f hekiminize ba\u015fvurman\u0131z gereklidir.<\/p>\t\t\t\t<\/div>\n\t\t\t\t\t\t\n\t\t\t\t<\/div>\n\t\t\t\t\n\t\t\t<\/div>\n\t\t\t\t\t\t\t\t\t\n\t\t<\/div>\n\n\t\t\t\t<\/div>\n\t\t\t\t<\/div>\n\t\t\t\t\t<\/div>\n\t\t\t\t<\/div>\n\t\t<div class=\"elementor-element elementor-element-d2d9eee e-flex e-con-boxed e-con e-parent\" data-id=\"d2d9eee\" data-element_type=\"container\" data-settings=\"{&quot;content_width&quot;:&quot;boxed&quot;}\" data-core-v316-plus=\"true\">\n\t\t\t\t\t<div class=\"e-con-inner\">\n\t\t\t\t<div class=\"elementor-element elementor-element-610e54c elementor-widget elementor-widget-hub_fancy_heading\" data-id=\"610e54c\" data-element_type=\"widget\" data-widget_type=\"hub_fancy_heading.default\">\n\t\t\t\t<div class=\"elementor-widget-container\">\n\t\t\t\n\t\t<div id=\"ld-fancy-heading-69f0f6f36a5a7\" class=\"ld-fancy-heading pos-rel\">\n\t\t\t<h2 class=\"ld-fh-element d-inline-block pos-rel  elementor-heading-title lqd-highlight-classic lqd-highlight-grow-left h2\"  > A\u011f\u0131z Di\u015f ve \u00c7ene Cerrahisi<\/h2>\t\t<\/div>\n\n\t\t\t\t<\/div>\n\t\t\t\t<\/div>\n\t\t\t\t\t<\/div>\n\t\t\t\t<\/div>\n\t\t<div class=\"elementor-element elementor-element-fd993a4 e-flex e-con-boxed e-con e-parent\" data-id=\"fd993a4\" data-element_type=\"container\" data-settings=\"{&quot;content_width&quot;:&quot;boxed&quot;}\" data-core-v316-plus=\"true\">\n\t\t\t\t\t<div class=\"e-con-inner\">\n\t\t\t\t<div class=\"elementor-element elementor-element-2b99b7b elementor-widget elementor-widget-ld_accordion\" data-id=\"2b99b7b\" data-element_type=\"widget\" data-widget_type=\"ld_accordion.default\">\n\t\t\t\t<div class=\"elementor-widget-container\">\n\t\t\t\n\t\t<div class=\"accordion accordion-body-bordered accordion-sm\" id=\"accordion-69f0f6f36c134\" role=\"tablist\" aria-multiselectable=\"true\">\n\t\t\t\t\t\t\t\t\t\t\t\t<div class=\"accordion-item panel  active\">\n\t\t\t\t\n\t\t\t\t<div class=\"accordion-heading\" role=\"tab\" id=\"heading-4571\">\n\t\t\t\t<h5 class=\"accordion-title \">\t\t\t\t\t<a class=\"\" role=\"button\" data-toggle=\"collapse\" \n\t\t\t\t\tdata-parent=\"#accordion-69f0f6f36c134\" href=\"#collapse-4571\" \n\t\t\t\t\taria-expanded=\"true\" aria-controls=\"collapse-4571\">\n\t\t\t\t\t\t\t\t\t\t\t\t<span class=\"accordion-title-txt\">Ne zaman bir \u00e7ene cerrah\u0131na g\u00f6r\u00fcnmeliyim?<\/span>\n\t\t\t\t\t\t\t\t\t\t\t\t\t<span class=\"accordion-expander\"><i class=\"fa fa-chevron-down\"><\/i><i class=\"fa fa-chevron-up\"><\/i><\/span>\t\t\t\t\t\t\t\t\t\t\t<\/a>\n\t\t\t\t<\/h5>\t\t\t\t<\/div>\n\t\t\t\t\n\t\t\t\t<div id=\"collapse-4571\" class=\"accordion-collapse collapse  in\" role=\"tabpanel\" aria-labelledby=\"heading-4571\">\n\n\t\t\t\t<div class=\"accordion-content\">\n\t\t\t\t\t<p>G\u00f6m\u00fcl\u00fc di\u015fler, ba\u015far\u0131s\u0131z bir k\u00f6k-kanal tedavisi, TME problemleri, a\u011f\u0131z i\u00e7inde kist ve t\u00fcm\u00f6r benzeri lezyonlara dair bulgular oldu\u011funda di\u015f hekiminiz sizi bir maksillofasiyal cerraha y\u00f6nlendirecektir. A\u015fa\u011f\u0131daki durumlardan bir veya birka\u00e7\u0131 sizde bulundu\u011funda maksillofasiyal cerraha ba\u015fvurabilirsiniz:<\/p><p>\u00c7ene-y\u00fcz b\u00f6lgesinde g\u00f6r\u00fclen;<br>\u015eiddetli veya kronik a\u011fr\u0131<br>Fonksiyon kayb\u0131<br>Yaralanma<br>Deformite veya travma<br>Enfeksiyonlar<\/p>\t\t\t\t<\/div>\n\t\t\t\t\t\t\n\t\t\t\t<\/div>\n\t\t\t\t\n\t\t\t<\/div>\n\t\t\t\t\t\t\t\t\t<div class=\"accordion-item panel \">\n\t\t\t\t\n\t\t\t\t<div class=\"accordion-heading\" role=\"tab\" id=\"heading-4572\">\n\t\t\t\t<h5 class=\"accordion-title \">\t\t\t\t\t<a class=\"collapsed\" role=\"button\" data-toggle=\"collapse\" \n\t\t\t\t\tdata-parent=\"#accordion-69f0f6f36c134\" href=\"#collapse-4572\" \n\t\t\t\t\taria-expanded=\"false\" aria-controls=\"collapse-4572\">\n\t\t\t\t\t\t\t\t\t\t\t\t<span class=\"accordion-title-txt\">\u0130mplant nedir?<\/span>\n\t\t\t\t\t\t\t\t\t\t\t\t\t<span class=\"accordion-expander\"><i class=\"fa fa-chevron-down\"><\/i><i class=\"fa fa-chevron-up\"><\/i><\/span>\t\t\t\t\t\t\t\t\t\t\t<\/a>\n\t\t\t\t<\/h5>\t\t\t\t<\/div>\n\t\t\t\t\n\t\t\t\t<div id=\"collapse-4572\" class=\"accordion-collapse collapse \" role=\"tabpanel\" aria-labelledby=\"heading-4572\">\n\n\t\t\t\t<div class=\"accordion-content\">\n\t\t\t\t\t<p>Dental implant, titanyumdan yap\u0131lm\u0131\u015f k\u00f6k \u015feklinde k\u00fc\u00e7\u00fck bir tutucudur. \u00c7ekilmi\u015f bir di\u015f k\u00f6k\u00fcn\u00fcn yerini alacak \u015fekilde \u00e7ene kemi\u011finin i\u00e7erisine yerle\u015ftirilir. \u0130yile\u015fme s\u00fcreci sonunda implant\u0131n kemikle kayna\u015fmas\u0131 sa\u011fland\u0131ktan sonra yerle\u015ftirilen implant \u00fcst\u00fc protez, do\u011fal di\u015f g\u00f6revi g\u00f6r\u00fcr. Bu yeni di\u015f, do\u011fal di\u015f gibi g\u00f6r\u00fcn\u00fcr ve do\u011fal di\u015f hissi verir.<\/p>\t\t\t\t<\/div>\n\t\t\t\t\t\t\n\t\t\t\t<\/div>\n\t\t\t\t\n\t\t\t<\/div>\n\t\t\t\t\t\t\t\t\t<div class=\"accordion-item panel \">\n\t\t\t\t\n\t\t\t\t<div class=\"accordion-heading\" role=\"tab\" id=\"heading-4573\">\n\t\t\t\t<h5 class=\"accordion-title \">\t\t\t\t\t<a class=\"collapsed\" role=\"button\" data-toggle=\"collapse\" \n\t\t\t\t\tdata-parent=\"#accordion-69f0f6f36c134\" href=\"#collapse-4573\" \n\t\t\t\t\taria-expanded=\"false\" aria-controls=\"collapse-4573\">\n\t\t\t\t\t\t\t\t\t\t\t\t<span class=\"accordion-title-txt\">Dental implant tedavisi sizin i\u00e7in uygun mu?<\/span>\n\t\t\t\t\t\t\t\t\t\t\t\t\t<span class=\"accordion-expander\"><i class=\"fa fa-chevron-down\"><\/i><i class=\"fa fa-chevron-up\"><\/i><\/span>\t\t\t\t\t\t\t\t\t\t\t<\/a>\n\t\t\t\t<\/h5>\t\t\t\t<\/div>\n\t\t\t\t\n\t\t\t\t<div id=\"collapse-4573\" class=\"accordion-collapse collapse \" role=\"tabpanel\" aria-labelledby=\"heading-4573\">\n\n\t\t\t\t<div class=\"accordion-content\">\n\t\t\t\t\t<p>Yaralanma, \u00e7\u00fcr\u00fcme veya k\u0131r\u0131lmadan dolay\u0131 di\u015flerinizi kaybettiyseniz ve \u015fiddetli sistemik hastal\u0131\u011f\u0131n\u0131z (diabet, osteop\u00f6r\u00f6z, kan hastal\u0131klar\u0131 vb.) yoksa muhtemelen implant tedavisi sizin i\u00e7in uygundur. Bununla birlikte, implant yerle\u015ftirilecek \u00e7ene b\u00f6lgelerinde yeterli kemi\u011fine sahip olman\u0131z gerekmektedir. Doktorunuz, implant\u0131n sizin i\u00e7in do\u011fru bir tedavi se\u00e7ene\u011fi olup olmad\u0131\u011f\u0131na klinik ve radyolojik incelemelerden sonra karar verecektir.<\/p>\t\t\t\t<\/div>\n\t\t\t\t\t\t\n\t\t\t\t<\/div>\n\t\t\t\t\n\t\t\t<\/div>\n\t\t\t\t\t\t\t\t\t<div class=\"accordion-item panel \">\n\t\t\t\t\n\t\t\t\t<div class=\"accordion-heading\" role=\"tab\" id=\"heading-4574\">\n\t\t\t\t<h5 class=\"accordion-title \">\t\t\t\t\t<a class=\"collapsed\" role=\"button\" data-toggle=\"collapse\" \n\t\t\t\t\tdata-parent=\"#accordion-69f0f6f36c134\" href=\"#collapse-4574\" \n\t\t\t\t\taria-expanded=\"false\" aria-controls=\"collapse-4574\">\n\t\t\t\t\t\t\t\t\t\t\t\t<span class=\"accordion-title-txt\">G\u00f6m\u00fcl\u00fc di\u015fler \u00e7ekilmeli midir?<\/span>\n\t\t\t\t\t\t\t\t\t\t\t\t\t<span class=\"accordion-expander\"><i class=\"fa fa-chevron-down\"><\/i><i class=\"fa fa-chevron-up\"><\/i><\/span>\t\t\t\t\t\t\t\t\t\t\t<\/a>\n\t\t\t\t<\/h5>\t\t\t\t<\/div>\n\t\t\t\t\n\t\t\t\t<div id=\"collapse-4574\" class=\"accordion-collapse collapse \" role=\"tabpanel\" aria-labelledby=\"heading-4574\">\n\n\t\t\t\t<div class=\"accordion-content\">\n\t\t\t\t\t<p>\u00f6m\u00fcl\u00fc di\u015fler \u015fu durumlarda \u00e7ekilmelidir:<br>\u0130lgili di\u015ften kaynakl\u0131 apselerde<br>Kist veya t\u00fcm\u00f6rle beraber oldu\u011funda<br>A\u011fr\u0131 varsa<br>\u00c7eneyi zay\u0131flat\u0131p k\u0131r\u0131k olu\u015fturma riski varsa<br>Kom\u015fu di\u015fte \u00e7\u00fcr\u00fck olu\u015fturma riski varsa<\/p>\t\t\t\t<\/div>\n\t\t\t\t\t\t\n\t\t\t\t<\/div>\n\t\t\t\t\n\t\t\t<\/div>\n\t\t\t\t\t\t\t\t\t<div class=\"accordion-item panel \">\n\t\t\t\t\n\t\t\t\t<div class=\"accordion-heading\" role=\"tab\" id=\"heading-4575\">\n\t\t\t\t<h5 class=\"accordion-title \">\t\t\t\t\t<a class=\"collapsed\" role=\"button\" data-toggle=\"collapse\" \n\t\t\t\t\tdata-parent=\"#accordion-69f0f6f36c134\" href=\"#collapse-4575\" \n\t\t\t\t\taria-expanded=\"false\" aria-controls=\"collapse-4575\">\n\t\t\t\t\t\t\t\t\t\t\t\t<span class=\"accordion-title-txt\">Di\u015f \u00e7ekimi sonras\u0131 ne gibi \u00f6nlemler al\u0131nmal\u0131d\u0131r?<\/span>\n\t\t\t\t\t\t\t\t\t\t\t\t\t<span class=\"accordion-expander\"><i class=\"fa fa-chevron-down\"><\/i><i class=\"fa fa-chevron-up\"><\/i><\/span>\t\t\t\t\t\t\t\t\t\t\t<\/a>\n\t\t\t\t<\/h5>\t\t\t\t<\/div>\n\t\t\t\t\n\t\t\t\t<div id=\"collapse-4575\" class=\"accordion-collapse collapse \" role=\"tabpanel\" aria-labelledby=\"heading-4575\">\n\n\t\t\t\t<div class=\"accordion-content\">\n\t\t\t\t\t<ul><li>\u00c7ekim b\u00f6lgesine konulan tampon en az 30 dakika yerinde tutulmal\u0131d\u0131r<\/li><li>En az iki saat bir \u015fey yenmemeli ve i\u00e7ilmemelidir<\/li><li>\u00c7ekim yap\u0131lan \u00e7ene b\u00f6lgesi ile 24 saat \u00e7i\u011fneme yap\u0131lmamal\u0131d\u0131r<\/li><li>24 saat sigara i\u00e7ilmemelidir<\/li><li>24 saat alkol kullan\u0131lmamal\u0131d\u0131r<\/li><li>A\u011f\u0131z su ile \u00e7alkalanmamal\u0131d\u0131r<\/li><li>\u00c7ekim yeri emilip t\u00fck\u00fcr\u00fclmemelidir<\/li><li>Dil ve el ile \u00e7ekim b\u00f6lgesine dokunulmamal\u0131d\u0131r<\/li><li>A\u011fr\u0131 olursa aspirin harici bir a\u011fr\u0131 kesici kullan\u0131lmal\u0131d\u0131r<\/li><\/ul>\t\t\t\t<\/div>\n\t\t\t\t\t\t\n\t\t\t\t<\/div>\n\t\t\t\t\n\t\t\t<\/div>\n\t\t\t\t\t\t\t\t\t<div class=\"accordion-item panel \">\n\t\t\t\t\n\t\t\t\t<div class=\"accordion-heading\" role=\"tab\" id=\"heading-4576\">\n\t\t\t\t<h5 class=\"accordion-title \">\t\t\t\t\t<a class=\"collapsed\" role=\"button\" data-toggle=\"collapse\" \n\t\t\t\t\tdata-parent=\"#accordion-69f0f6f36c134\" href=\"#collapse-4576\" \n\t\t\t\t\taria-expanded=\"false\" aria-controls=\"collapse-4576\">\n\t\t\t\t\t\t\t\t\t\t\t\t<span class=\"accordion-title-txt\">G\u00f6m\u00fcl\u00fc di\u015fler \u00e7ekildikten sonra iyile\u015fme s\u00fcresi ne kadard\u0131r?<\/span>\n\t\t\t\t\t\t\t\t\t\t\t\t\t<span class=\"accordion-expander\"><i class=\"fa fa-chevron-down\"><\/i><i class=\"fa fa-chevron-up\"><\/i><\/span>\t\t\t\t\t\t\t\t\t\t\t<\/a>\n\t\t\t\t<\/h5>\t\t\t\t<\/div>\n\t\t\t\t\n\t\t\t\t<div id=\"collapse-4576\" class=\"accordion-collapse collapse \" role=\"tabpanel\" aria-labelledby=\"heading-4576\">\n\n\t\t\t\t<div class=\"accordion-content\">\n\t\t\t\t\t<p>Genellikle 3-7 g\u00fcn i\u00e7inde iyile\u015fir.<\/p>\t\t\t\t<\/div>\n\t\t\t\t\t\t\n\t\t\t\t<\/div>\n\t\t\t\t\n\t\t\t<\/div>\n\t\t\t\t\t\t\t\t\t<div class=\"accordion-item panel \">\n\t\t\t\t\n\t\t\t\t<div class=\"accordion-heading\" role=\"tab\" id=\"heading-4577\">\n\t\t\t\t<h5 class=\"accordion-title \">\t\t\t\t\t<a class=\"collapsed\" role=\"button\" data-toggle=\"collapse\" \n\t\t\t\t\tdata-parent=\"#accordion-69f0f6f36c134\" href=\"#collapse-4577\" \n\t\t\t\t\taria-expanded=\"false\" aria-controls=\"collapse-4577\">\n\t\t\t\t\t\t\t\t\t\t\t\t<span class=\"accordion-title-txt\">Alveolit nedir?<\/span>\n\t\t\t\t\t\t\t\t\t\t\t\t\t<span class=\"accordion-expander\"><i class=\"fa fa-chevron-down\"><\/i><i class=\"fa fa-chevron-up\"><\/i><\/span>\t\t\t\t\t\t\t\t\t\t\t<\/a>\n\t\t\t\t<\/h5>\t\t\t\t<\/div>\n\t\t\t\t\n\t\t\t\t<div id=\"collapse-4577\" class=\"accordion-collapse collapse \" role=\"tabpanel\" aria-labelledby=\"heading-4577\">\n\n\t\t\t\t<div class=\"accordion-content\">\n\t\t\t\t\t<p>Di\u015f \u00e7ekiminden sonra kemikteki \u00e7ekim yerinde meydana gelen enfeksiyon durumudur. \u015eiddetli a\u011fr\u0131 s\u00f6z konusudur ve a\u011fr\u0131 kesicilerle hafiflemez. Bu durumla kar\u015f\u0131la\u015fmamak i\u00e7in operasyon sonras\u0131 \u00f6nerilerine mutlaka uyunuz. B\u00f6yle bir durumla kar\u015f\u0131la\u015ft\u0131\u011f\u0131n\u0131zda l\u00fctfen en k\u0131sa zamanda klini\u011fimize ba\u015fvurunuz.<\/p>\t\t\t\t<\/div>\n\t\t\t\t\t\t\n\t\t\t\t<\/div>\n\t\t\t\t\n\t\t\t<\/div>\n\t\t\t\t\t\t\t\t\t<div class=\"accordion-item panel \">\n\t\t\t\t\n\t\t\t\t<div class=\"accordion-heading\" role=\"tab\" id=\"heading-4578\">\n\t\t\t\t<h5 class=\"accordion-title \">\t\t\t\t\t<a class=\"collapsed\" role=\"button\" data-toggle=\"collapse\" \n\t\t\t\t\tdata-parent=\"#accordion-69f0f6f36c134\" href=\"#collapse-4578\" \n\t\t\t\t\taria-expanded=\"false\" aria-controls=\"collapse-4578\">\n\t\t\t\t\t\t\t\t\t\t\t\t<span class=\"accordion-title-txt\">Ortognatik cerrahi nedir?<\/span>\n\t\t\t\t\t\t\t\t\t\t\t\t\t<span class=\"accordion-expander\"><i class=\"fa fa-chevron-down\"><\/i><i class=\"fa fa-chevron-up\"><\/i><\/span>\t\t\t\t\t\t\t\t\t\t\t<\/a>\n\t\t\t\t<\/h5>\t\t\t\t<\/div>\n\t\t\t\t\n\t\t\t\t<div id=\"collapse-4578\" class=\"accordion-collapse collapse \" role=\"tabpanel\" aria-labelledby=\"heading-4578\">\n\n\t\t\t\t<div class=\"accordion-content\">\n\t\t\t\t\t<p>\u00c7eneler aras\u0131nda uyumsuzluk oldu\u011funda ve\/veya di\u015flerin kapan\u0131\u015f\u0131 ortodontik olarak d\u00fczeltilemedi\u011finde ortognatik cerrahi uygulan\u0131r. L\u00fctfen Hasta Bilgilendirme b\u00f6l\u00fcm\u00fcnde Ortognatik Cerrahi ba\u015fl\u0131\u011f\u0131n\u0131 inceleyiniz.<\/p>\t\t\t\t<\/div>\n\t\t\t\t\t\t\n\t\t\t\t<\/div>\n\t\t\t\t\n\t\t\t<\/div>\n\t\t\t\t\t\t\t\t\t<div class=\"accordion-item panel \">\n\t\t\t\t\n\t\t\t\t<div class=\"accordion-heading\" role=\"tab\" id=\"heading-4579\">\n\t\t\t\t<h5 class=\"accordion-title \">\t\t\t\t\t<a class=\"collapsed\" role=\"button\" data-toggle=\"collapse\" \n\t\t\t\t\tdata-parent=\"#accordion-69f0f6f36c134\" href=\"#collapse-4579\" \n\t\t\t\t\taria-expanded=\"false\" aria-controls=\"collapse-4579\">\n\t\t\t\t\t\t\t\t\t\t\t\t<span class=\"accordion-title-txt\">Operasyonlar hangi tip anestezi y\u00f6ntemleriyle uygulanmaktad\u0131r?<\/span>\n\t\t\t\t\t\t\t\t\t\t\t\t\t<span class=\"accordion-expander\"><i class=\"fa fa-chevron-down\"><\/i><i class=\"fa fa-chevron-up\"><\/i><\/span>\t\t\t\t\t\t\t\t\t\t\t<\/a>\n\t\t\t\t<\/h5>\t\t\t\t<\/div>\n\t\t\t\t\n\t\t\t\t<div id=\"collapse-4579\" class=\"accordion-collapse collapse \" role=\"tabpanel\" aria-labelledby=\"heading-4579\">\n\n\t\t\t\t<div class=\"accordion-content\">\n\t\t\t\t\t<p>Hekim karar\u0131na ba\u011fl\u0131 olarak \u00e7e\u015fitli anestezi tipleri uygulanabilir. Bunlardan birincisi lokal anestezidir, ilgili b\u00f6lgeyi uyu\u015fturur. \u0130kincisi sedasyondur, k\u0131smen bilin\u00e7li olursunuz. \u00dc\u00e7\u00fcnc\u00fcs\u00fc, genel anestezidir, bilinciniz ge\u00e7ici bir s\u00fcre i\u00e7in tamamen kaybolur ve operasyonu hat\u0131rlamazs\u0131n\u0131z.<\/p>\t\t\t\t<\/div>\n\t\t\t\t\t\t\n\t\t\t\t<\/div>\n\t\t\t\t\n\t\t\t<\/div>\n\t\t\t\t\t\t\t\t\t<div class=\"accordion-item panel \">\n\t\t\t\t\n\t\t\t\t<div class=\"accordion-heading\" role=\"tab\" id=\"heading-45710\">\n\t\t\t\t<h5 class=\"accordion-title \">\t\t\t\t\t<a class=\"collapsed\" role=\"button\" data-toggle=\"collapse\" \n\t\t\t\t\tdata-parent=\"#accordion-69f0f6f36c134\" href=\"#collapse-45710\" \n\t\t\t\t\taria-expanded=\"false\" aria-controls=\"collapse-45710\">\n\t\t\t\t\t\t\t\t\t\t\t\t<span class=\"accordion-title-txt\">Operasyon g\u00fcn\u00fc yiyip i\u00e7ebilir miyim?<\/span>\n\t\t\t\t\t\t\t\t\t\t\t\t\t<span class=\"accordion-expander\"><i class=\"fa fa-chevron-down\"><\/i><i class=\"fa fa-chevron-up\"><\/i><\/span>\t\t\t\t\t\t\t\t\t\t\t<\/a>\n\t\t\t\t<\/h5>\t\t\t\t<\/div>\n\t\t\t\t\n\t\t\t\t<div id=\"collapse-45710\" class=\"accordion-collapse collapse \" role=\"tabpanel\" aria-labelledby=\"heading-45710\">\n\n\t\t\t\t<div class=\"accordion-content\">\n\t\t\t\t\t<p>Sedasyon veya genel anestezi \u00f6ncesi 8 saat bir \u015fey yiyip i\u00e7memelisiniz. Herhangi bir \u015fey yemi\u015f ya da i\u00e7mi\u015fseniz i\u015fleminiz iptal edilir. Lokal anestezi alt\u0131nda ger\u00e7ekle\u015ftirilecek i\u015flemlerde karn\u0131n\u0131z tok geliniz<\/p>\t\t\t\t<\/div>\n\t\t\t\t\t\t\n\t\t\t\t<\/div>\n\t\t\t\t\n\t\t\t<\/div>\n\t\t\t\t\t\t\t\t\t<div class=\"accordion-item panel \">\n\t\t\t\t\n\t\t\t\t<div class=\"accordion-heading\" role=\"tab\" id=\"heading-45711\">\n\t\t\t\t<h5 class=\"accordion-title \">\t\t\t\t\t<a class=\"collapsed\" role=\"button\" data-toggle=\"collapse\" \n\t\t\t\t\tdata-parent=\"#accordion-69f0f6f36c134\" href=\"#collapse-45711\" \n\t\t\t\t\taria-expanded=\"false\" aria-controls=\"collapse-45711\">\n\t\t\t\t\t\t\t\t\t\t\t\t<span class=\"accordion-title-txt\">Operasyondan sonra araba kullanabilir miyim?<\/span>\n\t\t\t\t\t\t\t\t\t\t\t\t\t<span class=\"accordion-expander\"><i class=\"fa fa-chevron-down\"><\/i><i class=\"fa fa-chevron-up\"><\/i><\/span>\t\t\t\t\t\t\t\t\t\t\t<\/a>\n\t\t\t\t<\/h5>\t\t\t\t<\/div>\n\t\t\t\t\n\t\t\t\t<div id=\"collapse-45711\" class=\"accordion-collapse collapse \" role=\"tabpanel\" aria-labelledby=\"heading-45711\">\n\n\t\t\t\t<div class=\"accordion-content\">\n\t\t\t\t\t<p>Sedasyon ve genel anestezi ile yap\u0131lan i\u015flemlerden sonra bir yeti\u015fkinin size refakat etmesi istenecektir. Ancak, lokal anesteziden sonra araba kullanman\u0131zda bir sak\u0131nca yoktur.<\/p>\t\t\t\t<\/div>\n\t\t\t\t\t\t\n\t\t\t\t<\/div>\n\t\t\t\t\n\t\t\t<\/div>\n\t\t\t\t\t\t\t\t\t<div class=\"accordion-item panel \">\n\t\t\t\t\n\t\t\t\t<div class=\"accordion-heading\" role=\"tab\" id=\"heading-45712\">\n\t\t\t\t<h5 class=\"accordion-title \">\t\t\t\t\t<a class=\"collapsed\" role=\"button\" data-toggle=\"collapse\" \n\t\t\t\t\tdata-parent=\"#accordion-69f0f6f36c134\" href=\"#collapse-45712\" \n\t\t\t\t\taria-expanded=\"false\" aria-controls=\"collapse-45712\">\n\t\t\t\t\t\t\t\t\t\t\t\t<span class=\"accordion-title-txt\">\u00c7ene ekleminde a\u011fr\u0131 ve ses olu\u015fmas\u0131n\u0131n sebepleri nelerdir?<\/span>\n\t\t\t\t\t\t\t\t\t\t\t\t\t<span class=\"accordion-expander\"><i class=\"fa fa-chevron-down\"><\/i><i class=\"fa fa-chevron-up\"><\/i><\/span>\t\t\t\t\t\t\t\t\t\t\t<\/a>\n\t\t\t\t<\/h5>\t\t\t\t<\/div>\n\t\t\t\t\n\t\t\t\t<div id=\"collapse-45712\" class=\"accordion-collapse collapse \" role=\"tabpanel\" aria-labelledby=\"heading-45712\">\n\n\t\t\t\t<div class=\"accordion-content\">\n\t\t\t\t\t<p>Temporomandibuler eklem (TME) veya kom\u015fu yap\u0131lardaki de\u011fi\u015fiklikler ve baz\u0131 sistemik hastal\u0131klar TME problemlerine yol a\u00e7abilir. Bazen \u00e7i\u011fneme kaslar\u0131yla ilgili bozukluklar da a\u011fr\u0131 ve fonksiyon kayb\u0131na neden olabilir.<\/p>\t\t\t\t<\/div>\n\t\t\t\t\t\t\n\t\t\t\t<\/div>\n\t\t\t\t\n\t\t\t<\/div>\n\t\t\t\t\t\t\t\t\t<div class=\"accordion-item panel \">\n\t\t\t\t\n\t\t\t\t<div class=\"accordion-heading\" role=\"tab\" id=\"heading-45713\">\n\t\t\t\t<h5 class=\"accordion-title \">\t\t\t\t\t<a class=\"collapsed\" role=\"button\" data-toggle=\"collapse\" \n\t\t\t\t\tdata-parent=\"#accordion-69f0f6f36c134\" href=\"#collapse-45713\" \n\t\t\t\t\taria-expanded=\"false\" aria-controls=\"collapse-45713\">\n\t\t\t\t\t\t\t\t\t\t\t\t<span class=\"accordion-title-txt\">Dudak-damak yar\u0131klar\u0131 ne zaman tedavi edilmelidir?<\/span>\n\t\t\t\t\t\t\t\t\t\t\t\t\t<span class=\"accordion-expander\"><i class=\"fa fa-chevron-down\"><\/i><i class=\"fa fa-chevron-up\"><\/i><\/span>\t\t\t\t\t\t\t\t\t\t\t<\/a>\n\t\t\t\t<\/h5>\t\t\t\t<\/div>\n\t\t\t\t\n\t\t\t\t<div id=\"collapse-45713\" class=\"accordion-collapse collapse \" role=\"tabpanel\" aria-labelledby=\"heading-45713\">\n\n\t\t\t\t<div class=\"accordion-content\">\n\t\t\t\t\t<p>Dudak yar\u0131klar\u0131nda bebek 10 haftal\u0131kken durumu uygunsa operasyon ger\u00e7ekle\u015ftirilebilir. Damak yar\u0131klar\u0131nda ise sadece yumu\u015fak damak etkilenmi\u015fse 18 aydan \u00f6nce operasyon yap\u0131labilir. Sert dama\u011f\u0131 i\u00e7ine al\u0131yorsa 18-24. aylarda cerrahi i\u015flem yap\u0131labilir.<\/p>\t\t\t\t<\/div>\n\t\t\t\t\t\t\n\t\t\t\t<\/div>\n\t\t\t\t\n\t\t\t<\/div>\n\t\t\t\t\t\t\t\t\t<div class=\"accordion-item panel \">\n\t\t\t\t\n\t\t\t\t<div class=\"accordion-heading\" role=\"tab\" id=\"heading-45714\">\n\t\t\t\t<h5 class=\"accordion-title \">\t\t\t\t\t<a class=\"collapsed\" role=\"button\" data-toggle=\"collapse\" \n\t\t\t\t\tdata-parent=\"#accordion-69f0f6f36c134\" href=\"#collapse-45714\" \n\t\t\t\t\taria-expanded=\"false\" aria-controls=\"collapse-45714\">\n\t\t\t\t\t\t\t\t\t\t\t\t<span class=\"accordion-title-txt\">K\u00f6k ucunda iltihap olan di\u015fler kurtar\u0131labilir mi?<\/span>\n\t\t\t\t\t\t\t\t\t\t\t\t\t<span class=\"accordion-expander\"><i class=\"fa fa-chevron-down\"><\/i><i class=\"fa fa-chevron-up\"><\/i><\/span>\t\t\t\t\t\t\t\t\t\t\t<\/a>\n\t\t\t\t<\/h5>\t\t\t\t<\/div>\n\t\t\t\t\n\t\t\t\t<div id=\"collapse-45714\" class=\"accordion-collapse collapse \" role=\"tabpanel\" aria-labelledby=\"heading-45714\">\n\n\t\t\t\t<div class=\"accordion-content\">\n\t\t\t\t\t<p>Kesici di\u015fler, nadir durumlarda k\u00fc\u00e7\u00fck az\u0131 di\u015flerinin k\u00f6k ucundaki iltihabi olu\u015fumlar, k\u00f6k\u00fcn 1\/3 u\u00e7 k\u0131sm\u0131 ile beraber \u00e7\u0131kart\u0131labilir. B\u00f6ylece hastan\u0131n di\u015fi \u00e7ekilmeden b\u0131rak\u0131labilir.<\/p>\t\t\t\t<\/div>\n\t\t\t\t\t\t\n\t\t\t\t<\/div>\n\t\t\t\t\n\t\t\t<\/div>\n\t\t\t\t\t\t\t\t\t<div class=\"accordion-item panel \">\n\t\t\t\t\n\t\t\t\t<div class=\"accordion-heading\" role=\"tab\" id=\"heading-45715\">\n\t\t\t\t<h5 class=\"accordion-title \">\t\t\t\t\t<a class=\"collapsed\" role=\"button\" data-toggle=\"collapse\" \n\t\t\t\t\tdata-parent=\"#accordion-69f0f6f36c134\" href=\"#collapse-45715\" \n\t\t\t\t\taria-expanded=\"false\" aria-controls=\"collapse-45715\">\n\t\t\t\t\t\t\t\t\t\t\t\t<span class=\"accordion-title-txt\">Kronik sistemik bir hastal\u0131\u011f\u0131m var. Dental tedaviler \u00f6ncesi nas\u0131l bir yol izlemeliyim?<\/span>\n\t\t\t\t\t\t\t\t\t\t\t\t\t<span class=\"accordion-expander\"><i class=\"fa fa-chevron-down\"><\/i><i class=\"fa fa-chevron-up\"><\/i><\/span>\t\t\t\t\t\t\t\t\t\t\t<\/a>\n\t\t\t\t<\/h5>\t\t\t\t<\/div>\n\t\t\t\t\n\t\t\t\t<div id=\"collapse-45715\" class=\"accordion-collapse collapse \" role=\"tabpanel\" aria-labelledby=\"heading-45715\">\n\n\t\t\t\t<div class=\"accordion-content\">\n\t\t\t\t\t<p>\u00d6ncelikle klini\u011fimize gelmeniz, klinik muayenenizin yap\u0131lmas\u0131, gerekti\u011fi takdirde di\u011fer bran\u015f doktorlar\u0131 ile kons\u00fcltasyon yap\u0131lmas\u0131 gerekmektedir.<\/p>\t\t\t\t<\/div>\n\t\t\t\t\t\t\n\t\t\t\t<\/div>\n\t\t\t\t\n\t\t\t<\/div>\n\t\t\t\t\t\t\t\t\t<div class=\"accordion-item panel \">\n\t\t\t\t\n\t\t\t\t<div class=\"accordion-heading\" role=\"tab\" id=\"heading-45716\">\n\t\t\t\t<h5 class=\"accordion-title \">\t\t\t\t\t<a class=\"collapsed\" role=\"button\" data-toggle=\"collapse\" \n\t\t\t\t\tdata-parent=\"#accordion-69f0f6f36c134\" href=\"#collapse-45716\" \n\t\t\t\t\taria-expanded=\"false\" aria-controls=\"collapse-45716\">\n\t\t\t\t\t\t\t\t\t\t\t\t<span class=\"accordion-title-txt\">Apse nedir ve nas\u0131l tedavi edilir?<\/span>\n\t\t\t\t\t\t\t\t\t\t\t\t\t<span class=\"accordion-expander\"><i class=\"fa fa-chevron-down\"><\/i><i class=\"fa fa-chevron-up\"><\/i><\/span>\t\t\t\t\t\t\t\t\t\t\t<\/a>\n\t\t\t\t<\/h5>\t\t\t\t<\/div>\n\t\t\t\t\n\t\t\t\t<div id=\"collapse-45716\" class=\"accordion-collapse collapse \" role=\"tabpanel\" aria-labelledby=\"heading-45716\">\n\n\t\t\t\t<div class=\"accordion-content\">\n\t\t\t\t\t<p>Apse, klinik olarak a\u011fr\u0131l\u0131 bir \u015fi\u015fliktir. Akut apsenin, merkezi sert ve a\u011fr\u0131l\u0131 olup \u00e7evresinde \u00f6dem vard\u0131r. \u0130lgili b\u00f6lgede \u0131s\u0131 art\u0131\u015f\u0131 s\u00f6z konusudur. Apse e\u011fer olgunla\u015fm\u0131\u015f ise parmakla kontrol edildi\u011finde s\u0131v\u0131 ile dolu oldu\u011fu hissedilir. Kronik apseler akut olanlara g\u00f6re daha yava\u015f geli\u015fir ve genellikle \u00f6dem g\u00f6r\u00fclmez. \u015ei\u015flik daha sert ve a\u011fr\u0131 daha azd\u0131r. Antibiyotik tedavisi alt\u0131nda cerrahi olarak etken di\u015fin \u00e7ekimi ve apsenin direne edilmesi gerekmektedir.<\/p>\t\t\t\t<\/div>\n\t\t\t\t\t\t\n\t\t\t\t<\/div>\n\t\t\t\t\n\t\t\t<\/div>\n\t\t\t\t\t\t\t\t\t<div class=\"accordion-item panel \">\n\t\t\t\t\n\t\t\t\t<div class=\"accordion-heading\" role=\"tab\" id=\"heading-45717\">\n\t\t\t\t<h5 class=\"accordion-title \">\t\t\t\t\t<a class=\"collapsed\" role=\"button\" data-toggle=\"collapse\" \n\t\t\t\t\tdata-parent=\"#accordion-69f0f6f36c134\" href=\"#collapse-45717\" \n\t\t\t\t\taria-expanded=\"false\" aria-controls=\"collapse-45717\">\n\t\t\t\t\t\t\t\t\t\t\t\t<span class=\"accordion-title-txt\">Apseli di\u015f \u00e7ekilir mi?<\/span>\n\t\t\t\t\t\t\t\t\t\t\t\t\t<span class=\"accordion-expander\"><i class=\"fa fa-chevron-down\"><\/i><i class=\"fa fa-chevron-up\"><\/i><\/span>\t\t\t\t\t\t\t\t\t\t\t<\/a>\n\t\t\t\t<\/h5>\t\t\t\t<\/div>\n\t\t\t\t\n\t\t\t\t<div id=\"collapse-45717\" class=\"accordion-collapse collapse \" role=\"tabpanel\" aria-labelledby=\"heading-45717\">\n\n\t\t\t\t<div class=\"accordion-content\">\n\t\t\t\t\t<p>Antibiyotik tedavisi alt\u0131nda m\u00fcmk\u00fcn olan en k\u0131sa zamanda apseli di\u015f \u00e7ekilmelidir.<\/p>\t\t\t\t<\/div>\n\t\t\t\t\t\t\n\t\t\t\t<\/div>\n\t\t\t\t\n\t\t\t<\/div>\n\t\t\t\t\t\t\t\t\t<div class=\"accordion-item panel \">\n\t\t\t\t\n\t\t\t\t<div class=\"accordion-heading\" role=\"tab\" id=\"heading-45718\">\n\t\t\t\t<h5 class=\"accordion-title \">\t\t\t\t\t<a class=\"collapsed\" role=\"button\" data-toggle=\"collapse\" \n\t\t\t\t\tdata-parent=\"#accordion-69f0f6f36c134\" href=\"#collapse-45718\" \n\t\t\t\t\taria-expanded=\"false\" aria-controls=\"collapse-45718\">\n\t\t\t\t\t\t\t\t\t\t\t\t<span class=\"accordion-title-txt\">\u00c7ene k\u0131r\u0131klar\u0131 nas\u0131l tedavi edilir?<\/span>\n\t\t\t\t\t\t\t\t\t\t\t\t\t<span class=\"accordion-expander\"><i class=\"fa fa-chevron-down\"><\/i><i class=\"fa fa-chevron-up\"><\/i><\/span>\t\t\t\t\t\t\t\t\t\t\t<\/a>\n\t\t\t\t<\/h5>\t\t\t\t<\/div>\n\t\t\t\t\n\t\t\t\t<div id=\"collapse-45718\" class=\"accordion-collapse collapse \" role=\"tabpanel\" aria-labelledby=\"heading-45718\">\n\n\t\t\t\t<div class=\"accordion-content\">\n\t\t\t\t\t<p>\u00c7ene k\u0131r\u0131klar\u0131 iki t\u00fcrl\u00fc tedavi edilebilir:<\/p><p><strong>Cerrahi olmayan y\u00f6ntem:<\/strong> Alt ve \u00fcst \u00e7ene teller ve lastikler ile kar\u015f\u0131l\u0131kl\u0131 getirilip tespit edilir.<\/p><p><strong>Cerrahi y\u00f6ntem:<\/strong> K\u0131r\u0131k hatt\u0131n\u0131n iki taraf\u0131ndaki sa\u011flam kemik plak ve vidalar yard\u0131m\u0131yla birbirine tutturulur.<\/p>\t\t\t\t<\/div>\n\t\t\t\t\t\t\n\t\t\t\t<\/div>\n\t\t\t\t\n\t\t\t<\/div>\n\t\t\t\t\t\t\t\t\t<div class=\"accordion-item panel \">\n\t\t\t\t\n\t\t\t\t<div class=\"accordion-heading\" role=\"tab\" id=\"heading-45719\">\n\t\t\t\t<h5 class=\"accordion-title \">\t\t\t\t\t<a class=\"collapsed\" role=\"button\" data-toggle=\"collapse\" \n\t\t\t\t\tdata-parent=\"#accordion-69f0f6f36c134\" href=\"#collapse-45719\" \n\t\t\t\t\taria-expanded=\"false\" aria-controls=\"collapse-45719\">\n\t\t\t\t\t\t\t\t\t\t\t\t<span class=\"accordion-title-txt\">Di\u015f \u00e7ekimi sonras\u0131 maksiller sin\u00fcs a\u00e7\u0131l\u0131rsa ne yap\u0131lmal\u0131?<\/span>\n\t\t\t\t\t\t\t\t\t\t\t\t\t<span class=\"accordion-expander\"><i class=\"fa fa-chevron-down\"><\/i><i class=\"fa fa-chevron-up\"><\/i><\/span>\t\t\t\t\t\t\t\t\t\t\t<\/a>\n\t\t\t\t<\/h5>\t\t\t\t<\/div>\n\t\t\t\t\n\t\t\t\t<div id=\"collapse-45719\" class=\"accordion-collapse collapse \" role=\"tabpanel\" aria-labelledby=\"heading-45719\">\n\n\t\t\t\t<div class=\"accordion-content\">\n\t\t\t\t\t<p>Bu a\u00e7\u0131kl\u0131k en k\u0131sa s\u00fcrede kapat\u0131lmal\u0131d\u0131r. \u0130yi kapat\u0131lmam\u0131\u015f veya g\u00f6zden ka\u00e7an a\u00e7\u0131kl\u0131klarda, hastan\u0131n yedi\u011fi ve i\u00e7ti\u011fi g\u0131dalar burnundan gelebilir, sigara i\u00e7mede zorluk vard\u0131r ve yanak \u015fi\u015firilemez. Bu t\u00fcr \u015fik\u00e2yeti olan hastalar derhal \u00e7ene cerrahisi klini\u011fine ba\u015fvurmal\u0131d\u0131r.<\/p>\t\t\t\t<\/div>\n\t\t\t\t\t\t\n\t\t\t\t<\/div>\n\t\t\t\t\n\t\t\t<\/div>\n\t\t\t\t\t\t\t\t\t<div class=\"accordion-item panel \">\n\t\t\t\t\n\t\t\t\t<div class=\"accordion-heading\" role=\"tab\" id=\"heading-45720\">\n\t\t\t\t<h5 class=\"accordion-title \">\t\t\t\t\t<a class=\"collapsed\" role=\"button\" data-toggle=\"collapse\" \n\t\t\t\t\tdata-parent=\"#accordion-69f0f6f36c134\" href=\"#collapse-45720\" \n\t\t\t\t\taria-expanded=\"false\" aria-controls=\"collapse-45720\">\n\t\t\t\t\t\t\t\t\t\t\t\t<span class=\"accordion-title-txt\">Trigeminal nevralji nas\u0131l bir hastal\u0131kt\u0131r?<\/span>\n\t\t\t\t\t\t\t\t\t\t\t\t\t<span class=\"accordion-expander\"><i class=\"fa fa-chevron-down\"><\/i><i class=\"fa fa-chevron-up\"><\/i><\/span>\t\t\t\t\t\t\t\t\t\t\t<\/a>\n\t\t\t\t<\/h5>\t\t\t\t<\/div>\n\t\t\t\t\n\t\t\t\t<div id=\"collapse-45720\" class=\"accordion-collapse collapse \" role=\"tabpanel\" aria-labelledby=\"heading-45720\">\n\n\t\t\t\t<div class=\"accordion-content\">\n\t\t\t\t\t<p>Nedeni tam olarak bilinmemektedir. Trigeminus adl\u0131 sinirin \u00fc\u00e7 dal\u0131ndan birini ya da hepsini etkileyen ve o dallar\u0131n da\u011f\u0131ld\u0131\u011f\u0131 y\u00fcz b\u00f6lgesinde \u015fiddetli a\u011fr\u0131lara neden olan bir durumdur. Hastal\u0131ktan etkilenen y\u00fcz b\u00f6lgesine dokunmak, t\u0131ra\u015f olmak, konu\u015fmak, hatta bazen yemek yemek a\u011fr\u0131 n\u00f6betlerini ba\u015flatabilir. A\u011fr\u0131 \u015fim\u015fek \u00e7akar tarzda ani ba\u015flar ve ani olarak kesilir. \u0130la\u00e7, enjeksiyon veya cerrahi tedavi uygulanabilir.<\/p>\t\t\t\t<\/div>\n\t\t\t\t\t\t\n\t\t\t\t<\/div>\n\t\t\t\t\n\t\t\t<\/div>\n\t\t\t\t\t\t\t\t\t\n\t\t<\/div>\n\n\t\t\t\t<\/div>\n\t\t\t\t<\/div>\n\t\t\t\t\t<\/div>\n\t\t\t\t<\/div>\n\t\t<div class=\"elementor-element elementor-element-bec4a0f e-flex e-con-boxed e-con e-parent\" data-id=\"bec4a0f\" data-element_type=\"container\" data-settings=\"{&quot;content_width&quot;:&quot;boxed&quot;}\" data-core-v316-plus=\"true\">\n\t\t\t\t\t<div class=\"e-con-inner\">\n\t\t\t\t<div class=\"elementor-element elementor-element-35f644e elementor-widget elementor-widget-hub_fancy_heading\" data-id=\"35f644e\" data-element_type=\"widget\" data-widget_type=\"hub_fancy_heading.default\">\n\t\t\t\t<div class=\"elementor-widget-container\">\n\t\t\t\n\t\t<div id=\"ld-fancy-heading-69f0f6f36d825\" class=\"ld-fancy-heading pos-rel\">\n\t\t\t<h2 class=\"ld-fh-element d-inline-block pos-rel  elementor-heading-title lqd-highlight-classic lqd-highlight-grow-left h2\"  > Restoratif Di\u015f Tedavisi<\/h2>\t\t<\/div>\n\n\t\t\t\t<\/div>\n\t\t\t\t<\/div>\n\t\t\t\t\t<\/div>\n\t\t\t\t<\/div>\n\t\t<div class=\"elementor-element elementor-element-f70ff7b e-flex e-con-boxed e-con e-parent\" data-id=\"f70ff7b\" data-element_type=\"container\" data-settings=\"{&quot;content_width&quot;:&quot;boxed&quot;}\" data-core-v316-plus=\"true\">\n\t\t\t\t\t<div class=\"e-con-inner\">\n\t\t\t\t<div class=\"elementor-element elementor-element-bf30a56 elementor-widget elementor-widget-ld_accordion\" data-id=\"bf30a56\" data-element_type=\"widget\" data-widget_type=\"ld_accordion.default\">\n\t\t\t\t<div class=\"elementor-widget-container\">\n\t\t\t\n\t\t<div class=\"accordion accordion-body-bordered accordion-sm\" id=\"accordion-69f0f6f36ee50\" role=\"tablist\" aria-multiselectable=\"true\">\n\t\t\t\t\t\t\t\t\t\t\t\t<div class=\"accordion-item panel  active\">\n\t\t\t\t\n\t\t\t\t<div class=\"accordion-heading\" role=\"tab\" id=\"heading-2001\">\n\t\t\t\t<h5 class=\"accordion-title \">\t\t\t\t\t<a class=\"\" role=\"button\" data-toggle=\"collapse\" \n\t\t\t\t\tdata-parent=\"#accordion-69f0f6f36ee50\" href=\"#collapse-2001\" \n\t\t\t\t\taria-expanded=\"true\" aria-controls=\"collapse-2001\">\n\t\t\t\t\t\t\t\t\t\t\t\t<span class=\"accordion-title-txt\">Di\u015f f\u0131r\u00e7as\u0131 se\u00e7ilirken nelere dikkat edilmelidir?<\/span>\n\t\t\t\t\t\t\t\t\t\t\t\t\t<span class=\"accordion-expander\"><i class=\"fa fa-chevron-down\"><\/i><i class=\"fa fa-chevron-up\"><\/i><\/span>\t\t\t\t\t\t\t\t\t\t\t<\/a>\n\t\t\t\t<\/h5>\t\t\t\t<\/div>\n\t\t\t\t\n\t\t\t\t<div id=\"collapse-2001\" class=\"accordion-collapse collapse  in\" role=\"tabpanel\" aria-labelledby=\"heading-2001\">\n\n\t\t\t\t<div class=\"accordion-content\">\n\t\t\t\t\t<p>F\u0131r\u00e7an\u0131n k\u0131llar\u0131n\u0131n yuvarlat\u0131lm\u0131\u015f olmas\u0131na, yap\u0131ld\u0131\u011f\u0131 hammadde ve kullan\u0131lan boyalar\u0131n sa\u011fl\u0131k a\u00e7\u0131s\u0131ndan uygunlu\u011funa, TSE standartlar\u0131na uygun olup olmad\u0131\u011f\u0131na, ki\u015fisel olarak da; a\u011f\u0131z yap\u0131s\u0131na, di\u015fetinin sa\u011fl\u0131\u011f\u0131na ve el becerisine g\u00f6re uygun \u015fekilli f\u0131r\u00e7a al\u0131nmas\u0131na dikkat edilmelidir.<\/p>\t\t\t\t<\/div>\n\t\t\t\t\t\t\n\t\t\t\t<\/div>\n\t\t\t\t\n\t\t\t<\/div>\n\t\t\t\t\t\t\t\t\t<div class=\"accordion-item panel \">\n\t\t\t\t\n\t\t\t\t<div class=\"accordion-heading\" role=\"tab\" id=\"heading-2002\">\n\t\t\t\t<h5 class=\"accordion-title \">\t\t\t\t\t<a class=\"collapsed\" role=\"button\" data-toggle=\"collapse\" \n\t\t\t\t\tdata-parent=\"#accordion-69f0f6f36ee50\" href=\"#collapse-2002\" \n\t\t\t\t\taria-expanded=\"false\" aria-controls=\"collapse-2002\">\n\t\t\t\t\t\t\t\t\t\t\t\t<span class=\"accordion-title-txt\">Di\u015f f\u0131r\u00e7as\u0131 \u00e7e\u015fitleri nelerdir?<\/span>\n\t\t\t\t\t\t\t\t\t\t\t\t\t<span class=\"accordion-expander\"><i class=\"fa fa-chevron-down\"><\/i><i class=\"fa fa-chevron-up\"><\/i><\/span>\t\t\t\t\t\t\t\t\t\t\t<\/a>\n\t\t\t\t<\/h5>\t\t\t\t<\/div>\n\t\t\t\t\n\t\t\t\t<div id=\"collapse-2002\" class=\"accordion-collapse collapse \" role=\"tabpanel\" aria-labelledby=\"heading-2002\">\n\n\t\t\t\t<div class=\"accordion-content\">\n\t\t\t\t\t<p>Di\u015f f\u0131r\u00e7as\u0131 \u00e7e\u015fitleri k\u0131l sertliklerine g\u00f6re; Sert, Orta Sert, Yumu\u015fak olmak \u00fczere \u00e7e\u015fitlendirilmi\u015ftir. Bu f\u0131r\u00e7alar manuel veya elektrikli olarak da piyasada bulunmaktad\u0131r.<\/p>\t\t\t\t<\/div>\n\t\t\t\t\t\t\n\t\t\t\t<\/div>\n\t\t\t\t\n\t\t\t<\/div>\n\t\t\t\t\t\t\t\t\t<div class=\"accordion-item panel \">\n\t\t\t\t\n\t\t\t\t<div class=\"accordion-heading\" role=\"tab\" id=\"heading-2003\">\n\t\t\t\t<h5 class=\"accordion-title \">\t\t\t\t\t<a class=\"collapsed\" role=\"button\" data-toggle=\"collapse\" \n\t\t\t\t\tdata-parent=\"#accordion-69f0f6f36ee50\" href=\"#collapse-2003\" \n\t\t\t\t\taria-expanded=\"false\" aria-controls=\"collapse-2003\">\n\t\t\t\t\t\t\t\t\t\t\t\t<span class=\"accordion-title-txt\">Di\u015f f\u0131r\u00e7as\u0131n\u0131n temizli\u011fi nas\u0131l yap\u0131lmal\u0131d\u0131r?<\/span>\n\t\t\t\t\t\t\t\t\t\t\t\t\t<span class=\"accordion-expander\"><i class=\"fa fa-chevron-down\"><\/i><i class=\"fa fa-chevron-up\"><\/i><\/span>\t\t\t\t\t\t\t\t\t\t\t<\/a>\n\t\t\t\t<\/h5>\t\t\t\t<\/div>\n\t\t\t\t\n\t\t\t\t<div id=\"collapse-2003\" class=\"accordion-collapse collapse \" role=\"tabpanel\" aria-labelledby=\"heading-2003\">\n\n\t\t\t\t<div class=\"accordion-content\">\n\t\t\t\t\t<p>F\u0131r\u00e7a her kullan\u0131mdan sonra, su ile k\u0131l diplerinde macun kalmayacak \u015fekilde iyice \u00e7alkalanmal\u0131 ve tozlanmayacak \u015fekilde muhafaza edilmelidir.<\/p>\t\t\t\t<\/div>\n\t\t\t\t\t\t\n\t\t\t\t<\/div>\n\t\t\t\t\n\t\t\t<\/div>\n\t\t\t\t\t\t\t\t\t<div class=\"accordion-item panel \">\n\t\t\t\t\n\t\t\t\t<div class=\"accordion-heading\" role=\"tab\" id=\"heading-2004\">\n\t\t\t\t<h5 class=\"accordion-title \">\t\t\t\t\t<a class=\"collapsed\" role=\"button\" data-toggle=\"collapse\" \n\t\t\t\t\tdata-parent=\"#accordion-69f0f6f36ee50\" href=\"#collapse-2004\" \n\t\t\t\t\taria-expanded=\"false\" aria-controls=\"collapse-2004\">\n\t\t\t\t\t\t\t\t\t\t\t\t<span class=\"accordion-title-txt\">Di\u015f f\u0131r\u00e7as\u0131 en fazla ne kadar kullan\u0131lmal\u0131d\u0131r?<\/span>\n\t\t\t\t\t\t\t\t\t\t\t\t\t<span class=\"accordion-expander\"><i class=\"fa fa-chevron-down\"><\/i><i class=\"fa fa-chevron-up\"><\/i><\/span>\t\t\t\t\t\t\t\t\t\t\t<\/a>\n\t\t\t\t<\/h5>\t\t\t\t<\/div>\n\t\t\t\t\n\t\t\t\t<div id=\"collapse-2004\" class=\"accordion-collapse collapse \" role=\"tabpanel\" aria-labelledby=\"heading-2004\">\n\n\t\t\t\t<div class=\"accordion-content\">\n\t\t\t\t\t<p>Di\u015f Hekimleri f\u0131r\u00e7an\u0131z\u0131n, en ge\u00e7 \u00fc\u00e7 ayda bir de\u011fi\u015ftirilmesini \u00f6nermektedir. F\u0131r\u00e7a k\u0131llar\u0131 y\u0131prand\u0131\u011f\u0131nda, plak uzakla\u015ft\u0131rma etkinli\u011fi giderek azal\u0131r. Bu nedenle di\u015f f\u0131r\u00e7as\u0131n\u0131n d\u00fczenli olarak de\u011fi\u015ftirilmesi gerekir. F\u0131r\u00e7alamay\u0131 nas\u0131l yapt\u0131\u011f\u0131n\u0131z da de\u011fi\u015ftirme s\u00fcresini do\u011frudan etkilemektedir. \u00d6rnek olarak; e\u011fer b\u00fct\u00fcn k\u0131llar 1 hafta sonra d\u00fczle\u015fmi\u015fse, f\u0131r\u00e7alama \u00e7ok sert yap\u0131l\u0131yor demektir. K\u0131llar 6 ay sonra hala d\u00fczse, ya \u00e7ok bask\u0131s\u0131z f\u0131r\u00e7alan\u0131yor ya da her g\u00fcn f\u0131r\u00e7alanm\u0131yor demektir. \u0130deal bir di\u015f f\u0131r\u00e7as\u0131nda k\u0131l u\u00e7lar\u0131, di\u015fetini zedelememesi i\u00e7in yuvarlat\u0131lm\u0131\u015f olmal\u0131d\u0131r. Di\u015f f\u0131r\u00e7as\u0131n\u0131n yap\u0131s\u0131, di\u015flerin tamam\u0131na ve t\u00fcm y\u00fczeylere ula\u015fabilir olmal\u0131d\u0131r. Unutulmamal\u0131d\u0131r ki, her di\u015f f\u0131r\u00e7as\u0131 bir ki\u015fi i\u00e7indir!<\/p><p>Di\u015f f\u0131r\u00e7as\u0131 ki\u015fiye \u00f6zel bir \u00fcr\u00fcnd\u00fcr ve hi\u00e7bir \u015fekilde birden fazla ki\u015fi taraf\u0131ndan kullan\u0131lmamal\u0131d\u0131r. A\u011fz\u0131nda problem olan ki\u015filerin kulland\u0131\u011f\u0131 di\u015f f\u0131r\u00e7alar\u0131n\u0131n gerek sertlik derecesi ve gerekse tipi bir di\u011fer ki\u015fi i\u00e7in uygun olmayabilir. A\u011f\u0131z i\u00e7inde bar\u0131nan bakteriler ve mikroplar f\u0131r\u00e7a yolu ile di\u011fer kullan\u0131c\u0131ya rahatl\u0131kla ge\u00e7ebilmektedir.<\/p>\t\t\t\t<\/div>\n\t\t\t\t\t\t\n\t\t\t\t<\/div>\n\t\t\t\t\n\t\t\t<\/div>\n\t\t\t\t\t\t\t\t\t<div class=\"accordion-item panel \">\n\t\t\t\t\n\t\t\t\t<div class=\"accordion-heading\" role=\"tab\" id=\"heading-2005\">\n\t\t\t\t<h5 class=\"accordion-title \">\t\t\t\t\t<a class=\"collapsed\" role=\"button\" data-toggle=\"collapse\" \n\t\t\t\t\tdata-parent=\"#accordion-69f0f6f36ee50\" href=\"#collapse-2005\" \n\t\t\t\t\taria-expanded=\"false\" aria-controls=\"collapse-2005\">\n\t\t\t\t\t\t\t\t\t\t\t\t<span class=\"accordion-title-txt\">Di\u015f f\u0131r\u00e7alarken dikkat edilmesi gereken kurallar nelerdir?<\/span>\n\t\t\t\t\t\t\t\t\t\t\t\t\t<span class=\"accordion-expander\"><i class=\"fa fa-chevron-down\"><\/i><i class=\"fa fa-chevron-up\"><\/i><\/span>\t\t\t\t\t\t\t\t\t\t\t<\/a>\n\t\t\t\t<\/h5>\t\t\t\t<\/div>\n\t\t\t\t\n\t\t\t\t<div id=\"collapse-2005\" class=\"accordion-collapse collapse \" role=\"tabpanel\" aria-labelledby=\"heading-2005\">\n\n\t\t\t\t<div class=\"accordion-content\">\n\t\t\t\t\t<p>Di\u015f f\u0131r\u00e7alarken uygulamam\u0131z gereken en \u00f6nemli \u015fey t\u00fcm y\u00fczeyleri en etkili ve do\u011fru bi\u00e7imde f\u0131r\u00e7alamakt\u0131r. Bunun i\u00e7in; alt \u00e7enede ve \u00fcst \u00e7enede bulunan di\u015flerin \u00f6n-arka ve geride bulunanlar\u0131n da \u00e7i\u011fneyici y\u00fczeyleri ile t\u00fcm di\u015flerin aras\u0131n\u0131 iyice f\u0131r\u00e7alamak gerekmektedir. F\u0131r\u00e7alama yaparken; D\u0131\u015f y\u00fczeylerin f\u0131r\u00e7alanmas\u0131 s\u0131ras\u0131nda, di\u015f f\u0131r\u00e7as\u0131, k\u0131llar\u0131n yar\u0131s\u0131 di\u015fin y\u00fczeyinde di\u011fer yar\u0131s\u0131 da di\u015fetinde olacak bi\u00e7imde tutulmal\u0131d\u0131r. Sonras\u0131nda; f\u0131r\u00e7ay\u0131 yerinden oynatmadan \u00fcst \u00e7enede yukar\u0131, alt \u00e7enede a\u015fa\u011f\u0131 do\u011fru 45 derece e\u011fim verilmelidir. Yine f\u0131r\u00e7ay\u0131 yerinden oynatmadan, yan y\u00fczeyler, 8-10 kez k\u00fc\u00e7\u00fck dairesel hareketlerle, \u00e7i\u011fneyici y\u00fczeyler ise \u00f6ne \u2013 arkaya hareketlerle f\u0131r\u00e7alanmal\u0131d\u0131r. Bu i\u015flemler tamamland\u0131\u011f\u0131nda, a\u011f\u0131z i\u00e7i bol suyla \u00e7alkalanmal\u0131d\u0131r. F\u0131r\u00e7alama s\u0131ras\u0131nda gere\u011finden fazla kuvvet uygulayarak f\u0131r\u00e7an\u0131n di\u015fetine zarar vermesine sebep olunmamal\u0131d\u0131r. Sa\u011fl\u0131kl\u0131 bir a\u011f\u0131z , sa\u011fl\u0131kl\u0131 di\u015fetlerine sahip olmakla elde edilir. F\u0131r\u00e7alama s\u0131ras\u0131nda kanayan di\u015fetleri bir di\u015feti hastal\u0131\u011f\u0131n\u0131n habercisidir.<\/p>\t\t\t\t<\/div>\n\t\t\t\t\t\t\n\t\t\t\t<\/div>\n\t\t\t\t\n\t\t\t<\/div>\n\t\t\t\t\t\t\t\t\t<div class=\"accordion-item panel \">\n\t\t\t\t\n\t\t\t\t<div class=\"accordion-heading\" role=\"tab\" id=\"heading-2006\">\n\t\t\t\t<h5 class=\"accordion-title \">\t\t\t\t\t<a class=\"collapsed\" role=\"button\" data-toggle=\"collapse\" \n\t\t\t\t\tdata-parent=\"#accordion-69f0f6f36ee50\" href=\"#collapse-2006\" \n\t\t\t\t\taria-expanded=\"false\" aria-controls=\"collapse-2006\">\n\t\t\t\t\t\t\t\t\t\t\t\t<span class=\"accordion-title-txt\">F\u0131r\u00e7alama i\u00e7in kullan\u0131lmas\u0131 gereken D\u0130\u015e MACUNU miktar\u0131 ne olmal\u0131d\u0131r?<\/span>\n\t\t\t\t\t\t\t\t\t\t\t\t\t<span class=\"accordion-expander\"><i class=\"fa fa-chevron-down\"><\/i><i class=\"fa fa-chevron-up\"><\/i><\/span>\t\t\t\t\t\t\t\t\t\t\t<\/a>\n\t\t\t\t<\/h5>\t\t\t\t<\/div>\n\t\t\t\t\n\t\t\t\t<div id=\"collapse-2006\" class=\"accordion-collapse collapse \" role=\"tabpanel\" aria-labelledby=\"heading-2006\">\n\n\t\t\t\t<div class=\"accordion-content\">\n\t\t\t\t\t<p>Di\u015f macunu f\u0131r\u00e7a ba\u015f\u0131n\u0131 bir u\u00e7tan bir uca kaplayacak \u015fekilde s\u0131k\u0131lmamal\u0131d\u0131r. Bu kadar fazla macun f\u0131r\u00e7alama s\u0131ras\u0131nda zaten d\u00f6k\u00fcl\u00fcp ziyan olacakt\u0131r. F\u0131r\u00e7a k\u0131llar\u0131n\u0131n ortas\u0131na f\u0131r\u00e7a k\u0131llar\u0131n\u0131n yar\u0131s\u0131 uzunlu\u011funda macun s\u0131kmak yeterlidir.<\/p>\t\t\t\t<\/div>\n\t\t\t\t\t\t\n\t\t\t\t<\/div>\n\t\t\t\t\n\t\t\t<\/div>\n\t\t\t\t\t\t\t\t\t<div class=\"accordion-item panel \">\n\t\t\t\t\n\t\t\t\t<div class=\"accordion-heading\" role=\"tab\" id=\"heading-2007\">\n\t\t\t\t<h5 class=\"accordion-title \">\t\t\t\t\t<a class=\"collapsed\" role=\"button\" data-toggle=\"collapse\" \n\t\t\t\t\tdata-parent=\"#accordion-69f0f6f36ee50\" href=\"#collapse-2007\" \n\t\t\t\t\taria-expanded=\"false\" aria-controls=\"collapse-2007\">\n\t\t\t\t\t\t\t\t\t\t\t\t<span class=\"accordion-title-txt\">Di\u015fler hangi s\u0131kl\u0131kta f\u0131r\u00e7alanmal\u0131d\u0131r?<\/span>\n\t\t\t\t\t\t\t\t\t\t\t\t\t<span class=\"accordion-expander\"><i class=\"fa fa-chevron-down\"><\/i><i class=\"fa fa-chevron-up\"><\/i><\/span>\t\t\t\t\t\t\t\t\t\t\t<\/a>\n\t\t\t\t<\/h5>\t\t\t\t<\/div>\n\t\t\t\t\n\t\t\t\t<div id=\"collapse-2007\" class=\"accordion-collapse collapse \" role=\"tabpanel\" aria-labelledby=\"heading-2007\">\n\n\t\t\t\t<div class=\"accordion-content\">\n\t\t\t\t\t<p>En az; g\u00fcnde iki kere, sabah ve ak\u015fam yatmadan \u00f6nce f\u0131r\u00e7alanmal\u0131d\u0131r. Ger\u00e7ekte her yemekten sonra f\u0131r\u00e7alamak uygundur. Bu olanak sa\u011flanam\u0131yorsa, yemekten sonra a\u011f\u0131z mutlaka bol su ile \u00e7alkalanmal\u0131d\u0131r. Gece, yatmadan \u00f6nce f\u0131r\u00e7alama kesinlikle yap\u0131lmal\u0131d\u0131r. Yiyecek art\u0131klar\u0131n\u0131n bulundu\u011fu bir a\u011f\u0131z bakteri pla\u011f\u0131n\u0131n olu\u015fmas\u0131na zemin haz\u0131rlar.<\/p>\t\t\t\t<\/div>\n\t\t\t\t\t\t\n\t\t\t\t<\/div>\n\t\t\t\t\n\t\t\t<\/div>\n\t\t\t\t\t\t\t\t\t<div class=\"accordion-item panel \">\n\t\t\t\t\n\t\t\t\t<div class=\"accordion-heading\" role=\"tab\" id=\"heading-2008\">\n\t\t\t\t<h5 class=\"accordion-title \">\t\t\t\t\t<a class=\"collapsed\" role=\"button\" data-toggle=\"collapse\" \n\t\t\t\t\tdata-parent=\"#accordion-69f0f6f36ee50\" href=\"#collapse-2008\" \n\t\t\t\t\taria-expanded=\"false\" aria-controls=\"collapse-2008\">\n\t\t\t\t\t\t\t\t\t\t\t\t<span class=\"accordion-title-txt\">Di\u015fleri \u00e7ok s\u0131k f\u0131r\u00e7alamak zararl\u0131 m\u0131d\u0131r?<\/span>\n\t\t\t\t\t\t\t\t\t\t\t\t\t<span class=\"accordion-expander\"><i class=\"fa fa-chevron-down\"><\/i><i class=\"fa fa-chevron-up\"><\/i><\/span>\t\t\t\t\t\t\t\t\t\t\t<\/a>\n\t\t\t\t<\/h5>\t\t\t\t<\/div>\n\t\t\t\t\n\t\t\t\t<div id=\"collapse-2008\" class=\"accordion-collapse collapse \" role=\"tabpanel\" aria-labelledby=\"heading-2008\">\n\n\t\t\t\t<div class=\"accordion-content\">\n\t\t\t\t\t<p>Di\u015f f\u0131r\u00e7as\u0131n\u0131n k\u0131l yap\u0131s\u0131 yumu\u015fak ve f\u0131r\u00e7alama da do\u011fru yap\u0131l\u0131rsa di\u015flere zarar vermez. Ancak gere\u011finden fazla sert ve u\u00e7lar\u0131 deforme olup iyice yuvarlat\u0131lmam\u0131\u015f k\u0131llara sahip bir f\u0131r\u00e7a ile yap\u0131lan yanl\u0131\u015f f\u0131r\u00e7alama di\u015f minesinin a\u015f\u0131nmas\u0131na neden olur.<\/p>\t\t\t\t<\/div>\n\t\t\t\t\t\t\n\t\t\t\t<\/div>\n\t\t\t\t\n\t\t\t<\/div>\n\t\t\t\t\t\t\t\t\t<div class=\"accordion-item panel \">\n\t\t\t\t\n\t\t\t\t<div class=\"accordion-heading\" role=\"tab\" id=\"heading-2009\">\n\t\t\t\t<h5 class=\"accordion-title \">\t\t\t\t\t<a class=\"collapsed\" role=\"button\" data-toggle=\"collapse\" \n\t\t\t\t\tdata-parent=\"#accordion-69f0f6f36ee50\" href=\"#collapse-2009\" \n\t\t\t\t\taria-expanded=\"false\" aria-controls=\"collapse-2009\">\n\t\t\t\t\t\t\t\t\t\t\t\t<span class=\"accordion-title-txt\">Her f\u0131r\u00e7alamada di\u015f macunu kullanmak gerekir mi?<\/span>\n\t\t\t\t\t\t\t\t\t\t\t\t\t<span class=\"accordion-expander\"><i class=\"fa fa-chevron-down\"><\/i><i class=\"fa fa-chevron-up\"><\/i><\/span>\t\t\t\t\t\t\t\t\t\t\t<\/a>\n\t\t\t\t<\/h5>\t\t\t\t<\/div>\n\t\t\t\t\n\t\t\t\t<div id=\"collapse-2009\" class=\"accordion-collapse collapse \" role=\"tabpanel\" aria-labelledby=\"heading-2009\">\n\n\t\t\t\t<div class=\"accordion-content\">\n\t\t\t\t\t<p>Macun olmad\u0131\u011f\u0131 durumlarda sadece su ile de di\u015flerin f\u0131r\u00e7alanmas\u0131 yeterli olabilir. Ancak g\u00fcnde en az iki kere di\u015f macunu ile f\u0131r\u00e7alanmas\u0131 gereklidir.<\/p>\t\t\t\t<\/div>\n\t\t\t\t\t\t\n\t\t\t\t<\/div>\n\t\t\t\t\n\t\t\t<\/div>\n\t\t\t\t\t\t\t\t\t<div class=\"accordion-item panel \">\n\t\t\t\t\n\t\t\t\t<div class=\"accordion-heading\" role=\"tab\" id=\"heading-20010\">\n\t\t\t\t<h5 class=\"accordion-title \">\t\t\t\t\t<a class=\"collapsed\" role=\"button\" data-toggle=\"collapse\" \n\t\t\t\t\tdata-parent=\"#accordion-69f0f6f36ee50\" href=\"#collapse-20010\" \n\t\t\t\t\taria-expanded=\"false\" aria-controls=\"collapse-20010\">\n\t\t\t\t\t\t\t\t\t\t\t\t<span class=\"accordion-title-txt\">F\u0131r\u00e7alanmayan di\u015flerin zarar\u0131 nedir?<\/span>\n\t\t\t\t\t\t\t\t\t\t\t\t\t<span class=\"accordion-expander\"><i class=\"fa fa-chevron-down\"><\/i><i class=\"fa fa-chevron-up\"><\/i><\/span>\t\t\t\t\t\t\t\t\t\t\t<\/a>\n\t\t\t\t<\/h5>\t\t\t\t<\/div>\n\t\t\t\t\n\t\t\t\t<div id=\"collapse-20010\" class=\"accordion-collapse collapse \" role=\"tabpanel\" aria-labelledby=\"heading-20010\">\n\n\t\t\t\t<div class=\"accordion-content\">\n\t\t\t\t\t<p>F\u0131r\u00e7alanmayan di\u015fler, \u00f6ncelikle rahats\u0131zl\u0131k yaratan k\u00f6t\u00fc a\u011f\u0131z kokusu ile kendisine ve \u00e7evresine zarar verir. F\u0131r\u00e7alama olmad\u0131\u011f\u0131 i\u00e7in di\u015fler aras\u0131nda ve di\u015f-di\u015feti birle\u015fiminde biriken yiyecek art\u0131klar\u0131 bu b\u00f6lgelerde bakteri pla\u011f\u0131n\u0131n olu\u015fumuna neden olur. Zamanla biriken bakteri pla\u011f\u0131 di\u015feti iltihaplar\u0131na ve daha ileride di\u015feti \u00e7ekilmelerine zemin haz\u0131rlar. Sa\u011fl\u0131kl\u0131 di\u015fler bile bu nedenle kaybedilebilir. Di\u015f aralar\u0131nda biriken bakteriler di\u015flerin \u00e7\u00fcr\u00fcmesine sebep olur. Bir s\u00fcre di\u015fler f\u0131r\u00e7alanmaz ise, ilk f\u0131r\u00e7alamalar s\u0131ras\u0131nda di\u015feti kanamas\u0131 meydana gelir. Bu kanama, d\u00fczenli ve s\u00fcrekli bir a\u011f\u0131z bak\u0131m\u0131 ile d\u00fczeltilebilir.<\/p>\t\t\t\t<\/div>\n\t\t\t\t\t\t\n\t\t\t\t<\/div>\n\t\t\t\t\n\t\t\t<\/div>\n\t\t\t\t\t\t\t\t\t<div class=\"accordion-item panel \">\n\t\t\t\t\n\t\t\t\t<div class=\"accordion-heading\" role=\"tab\" id=\"heading-20011\">\n\t\t\t\t<h5 class=\"accordion-title \">\t\t\t\t\t<a class=\"collapsed\" role=\"button\" data-toggle=\"collapse\" \n\t\t\t\t\tdata-parent=\"#accordion-69f0f6f36ee50\" href=\"#collapse-20011\" \n\t\t\t\t\taria-expanded=\"false\" aria-controls=\"collapse-20011\">\n\t\t\t\t\t\t\t\t\t\t\t\t<span class=\"accordion-title-txt\">T\u00fcketilen yiyeceklerden hangileri di\u015f sa\u011fl\u0131\u011f\u0131 a\u00e7\u0131s\u0131ndan zararl\u0131d\u0131r?<\/span>\n\t\t\t\t\t\t\t\t\t\t\t\t\t<span class=\"accordion-expander\"><i class=\"fa fa-chevron-down\"><\/i><i class=\"fa fa-chevron-up\"><\/i><\/span>\t\t\t\t\t\t\t\t\t\t\t<\/a>\n\t\t\t\t<\/h5>\t\t\t\t<\/div>\n\t\t\t\t\n\t\t\t\t<div id=\"collapse-20011\" class=\"accordion-collapse collapse \" role=\"tabpanel\" aria-labelledby=\"heading-20011\">\n\n\t\t\t\t<div class=\"accordion-content\">\n\t\t\t\t\t<p>Genellikle \u015fekerli ve asitli yiyecekler di\u015f sa\u011fl\u0131\u011f\u0131n\u0131 olumsuz etkiler. Ancak bu t\u00fcr g\u0131dalar t\u00fcketildikten sonra, a\u011f\u0131z bolca su ile \u00e7alkalan\u0131rsa bakteri \u00fcretimi geciktirilebilir. \u00d6zellikle biskuvi, \u00e7ikolata vb. yap\u0131\u015fkan yiyecekler yedikten sonra a\u011f\u0131z iyice \u00e7alkalanmal\u0131, e\u011fer olanak varsa f\u0131r\u00e7alanmal\u0131d\u0131r.<\/p>\t\t\t\t<\/div>\n\t\t\t\t\t\t\n\t\t\t\t<\/div>\n\t\t\t\t\n\t\t\t<\/div>\n\t\t\t\t\t\t\t\t\t<div class=\"accordion-item panel \">\n\t\t\t\t\n\t\t\t\t<div class=\"accordion-heading\" role=\"tab\" id=\"heading-20012\">\n\t\t\t\t<h5 class=\"accordion-title \">\t\t\t\t\t<a class=\"collapsed\" role=\"button\" data-toggle=\"collapse\" \n\t\t\t\t\tdata-parent=\"#accordion-69f0f6f36ee50\" href=\"#collapse-20012\" \n\t\t\t\t\taria-expanded=\"false\" aria-controls=\"collapse-20012\">\n\t\t\t\t\t\t\t\t\t\t\t\t<span class=\"accordion-title-txt\">A\u011f\u0131z sa\u011fl\u0131\u011f\u0131 nas\u0131l korunur?<\/span>\n\t\t\t\t\t\t\t\t\t\t\t\t\t<span class=\"accordion-expander\"><i class=\"fa fa-chevron-down\"><\/i><i class=\"fa fa-chevron-up\"><\/i><\/span>\t\t\t\t\t\t\t\t\t\t\t<\/a>\n\t\t\t\t<\/h5>\t\t\t\t<\/div>\n\t\t\t\t\n\t\t\t\t<div id=\"collapse-20012\" class=\"accordion-collapse collapse \" role=\"tabpanel\" aria-labelledby=\"heading-20012\">\n\n\t\t\t\t<div class=\"accordion-content\">\n\t\t\t\t\t<p>A\u011f\u0131z sa\u011fl\u0131\u011f\u0131 d\u00fczenli bir a\u011f\u0131z bak\u0131m\u0131 ile korunabilir. A\u011f\u0131z yap\u0131s\u0131 i\u00e7in uygun bir di\u015f f\u0131r\u00e7as\u0131, di\u015f macunu, do\u011fru f\u0131r\u00e7alama y\u00f6ntemi, di\u015f f\u0131r\u00e7as\u0131n\u0131n d\u00fczenli aral\u0131klarla de\u011fi\u015ftirilmesi, di\u015f f\u0131r\u00e7as\u0131n\u0131n beraberinde di\u015f ipi kullanarak ara y\u00fczlerin temizlenmesi ve herhangi bir problem olmasa dahi, alt\u0131 ayda bir, kontrol i\u00e7in Di\u015f Hekimine gidilmesi, a\u011f\u0131z sa\u011fl\u0131\u011f\u0131n\u0131z\u0131 korumada yeterli olacakt\u0131r.<\/p>\t\t\t\t<\/div>\n\t\t\t\t\t\t\n\t\t\t\t<\/div>\n\t\t\t\t\n\t\t\t<\/div>\n\t\t\t\t\t\t\t\t\t<div class=\"accordion-item panel \">\n\t\t\t\t\n\t\t\t\t<div class=\"accordion-heading\" role=\"tab\" id=\"heading-20013\">\n\t\t\t\t<h5 class=\"accordion-title \">\t\t\t\t\t<a class=\"collapsed\" role=\"button\" data-toggle=\"collapse\" \n\t\t\t\t\tdata-parent=\"#accordion-69f0f6f36ee50\" href=\"#collapse-20013\" \n\t\t\t\t\taria-expanded=\"false\" aria-controls=\"collapse-20013\">\n\t\t\t\t\t\t\t\t\t\t\t\t<span class=\"accordion-title-txt\">Di\u015f \u00e7\u00fcr\u00fcmelerinin ana nedeni nedir?<\/span>\n\t\t\t\t\t\t\t\t\t\t\t\t\t<span class=\"accordion-expander\"><i class=\"fa fa-chevron-down\"><\/i><i class=\"fa fa-chevron-up\"><\/i><\/span>\t\t\t\t\t\t\t\t\t\t\t<\/a>\n\t\t\t\t<\/h5>\t\t\t\t<\/div>\n\t\t\t\t\n\t\t\t\t<div id=\"collapse-20013\" class=\"accordion-collapse collapse \" role=\"tabpanel\" aria-labelledby=\"heading-20013\">\n\n\t\t\t\t<div class=\"accordion-content\">\n\t\t\t\t\t<p>Di\u015f \u00e7\u00fcr\u00fcmelerinin ana nedeni; \u201cMikrobiyal Dental Plak\u201d t\u0131r. Plak; a\u011fz\u0131n temizlenmemesi sonucu, di\u015flerin b\u00fct\u00fcn y\u00fczeylerinde, di\u015f-di\u015feti birle\u015fiminde biriken milyonlarca mikroptur. Bu plak temizlenmezse mikroplar\u0131n \u00fcretti\u011fi zararl\u0131 maddeler di\u015f \u00e7\u00fcr\u00fcklerine ve di\u015feti hastal\u0131klar\u0131na neden olur. Plak, a\u011f\u0131z \u00e7alkalama veya parmaklarla yap\u0131lan ovma sonucu \u00e7\u0131kmaz. Bunu yok etmek i\u00e7in, kesinlikle di\u015f f\u0131r\u00e7as\u0131 kullan\u0131lmal\u0131d\u0131r.<\/p>\t\t\t\t<\/div>\n\t\t\t\t\t\t\n\t\t\t\t<\/div>\n\t\t\t\t\n\t\t\t<\/div>\n\t\t\t\t\t\t\t\t\t\n\t\t<\/div>\n\n\t\t\t\t<\/div>\n\t\t\t\t<\/div>\n\t\t\t\t\t<\/div>\n\t\t\t\t<\/div>\n\t\t<div class=\"elementor-element elementor-element-73198fc e-flex e-con-boxed e-con e-parent\" data-id=\"73198fc\" data-element_type=\"container\" data-settings=\"{&quot;content_width&quot;:&quot;boxed&quot;}\" data-core-v316-plus=\"true\">\n\t\t\t\t\t<div class=\"e-con-inner\">\n\t\t\t\t<div class=\"elementor-element elementor-element-4895c41 elementor-widget elementor-widget-hub_fancy_heading\" data-id=\"4895c41\" data-element_type=\"widget\" data-widget_type=\"hub_fancy_heading.default\">\n\t\t\t\t<div class=\"elementor-widget-container\">\n\t\t\t\n\t\t<div id=\"ld-fancy-heading-69f0f6f370701\" class=\"ld-fancy-heading pos-rel\">\n\t\t\t<h2 class=\"ld-fh-element d-inline-block pos-rel  elementor-heading-title lqd-highlight-classic lqd-highlight-grow-left h2\"  > Protetik Di\u015f Tedavisi<\/h2>\t\t<\/div>\n\n\t\t\t\t<\/div>\n\t\t\t\t<\/div>\n\t\t\t\t\t<\/div>\n\t\t\t\t<\/div>\n\t\t<div class=\"elementor-element elementor-element-612c327 e-flex e-con-boxed e-con e-parent\" data-id=\"612c327\" data-element_type=\"container\" data-settings=\"{&quot;content_width&quot;:&quot;boxed&quot;}\" data-core-v316-plus=\"true\">\n\t\t\t\t\t<div class=\"e-con-inner\">\n\t\t\t\t<div class=\"elementor-element elementor-element-85c181e elementor-widget elementor-widget-ld_accordion\" data-id=\"85c181e\" data-element_type=\"widget\" data-widget_type=\"ld_accordion.default\">\n\t\t\t\t<div class=\"elementor-widget-container\">\n\t\t\t\n\t\t<div class=\"accordion accordion-body-bordered accordion-sm\" id=\"accordion-69f0f6f371e16\" role=\"tablist\" aria-multiselectable=\"true\">\n\t\t\t\t\t\t\t\t\t\t\t\t<div class=\"accordion-item panel  active\">\n\t\t\t\t\n\t\t\t\t<div class=\"accordion-heading\" role=\"tab\" id=\"heading-1401\">\n\t\t\t\t<h5 class=\"accordion-title \">\t\t\t\t\t<a class=\"\" role=\"button\" data-toggle=\"collapse\" \n\t\t\t\t\tdata-parent=\"#accordion-69f0f6f371e16\" href=\"#collapse-1401\" \n\t\t\t\t\taria-expanded=\"true\" aria-controls=\"collapse-1401\">\n\t\t\t\t\t\t\t\t\t\t\t\t<span class=\"accordion-title-txt\">Protez nedir, protez uzman\u0131 kimdir?<\/span>\n\t\t\t\t\t\t\t\t\t\t\t\t\t<span class=\"accordion-expander\"><i class=\"fa fa-chevron-down\"><\/i><i class=\"fa fa-chevron-up\"><\/i><\/span>\t\t\t\t\t\t\t\t\t\t\t<\/a>\n\t\t\t\t<\/h5>\t\t\t\t<\/div>\n\t\t\t\t\n\t\t\t\t<div id=\"collapse-1401\" class=\"accordion-collapse collapse  in\" role=\"tabpanel\" aria-labelledby=\"heading-1401\">\n\n\t\t\t\t<div class=\"accordion-content\">\n\t\t\t\t\t<p>V\u00fccudun kaybedilen herhangi bir k\u0131sm\u0131n\u0131 tamamlayan t\u00fcm yapay olu\u015fumlara protez denir. Di\u015f hekimli\u011finde ise; uygun yapay maddeler kullan\u0131larak di\u015flerin eksilen k\u0131s\u0131mlar\u0131n\u0131n veya bir ya da daha \u00e7ok eksik di\u015fin ve ilgili dokular\u0131n eksilen ve kaybolan i\u015flev, estetik, rahatl\u0131k ve sa\u011fl\u0131\u011f\u0131n\u0131 yeniden kazand\u0131rmak amac\u0131yla uygulanan yapay olu\u015fumlara di\u015f protezi denir.<\/p><p>Protez uzmanl\u0131\u011f\u0131, fasial ve oral protezleri kullanarak, hastal\u0131\u011f\u0131n veya yaralanman\u0131n sonucunda olu\u015fan g\u00f6r\u00fcn\u00fcm, konu\u015fma ve fonksiyonel problemleri d\u00fczelten veya rehabilite eden dental uzmanl\u0131k alan\u0131d\u0131r.<\/p>\t\t\t\t<\/div>\n\t\t\t\t\t\t\n\t\t\t\t<\/div>\n\t\t\t\t\n\t\t\t<\/div>\n\t\t\t\t\t\t\t\t\t<div class=\"accordion-item panel \">\n\t\t\t\t\n\t\t\t\t<div class=\"accordion-heading\" role=\"tab\" id=\"heading-1402\">\n\t\t\t\t<h5 class=\"accordion-title \">\t\t\t\t\t<a class=\"collapsed\" role=\"button\" data-toggle=\"collapse\" \n\t\t\t\t\tdata-parent=\"#accordion-69f0f6f371e16\" href=\"#collapse-1402\" \n\t\t\t\t\taria-expanded=\"false\" aria-controls=\"collapse-1402\">\n\t\t\t\t\t\t\t\t\t\t\t\t<span class=\"accordion-title-txt\">Di\u015f s\u0131kman\u0131n (g\u0131c\u0131rdatma) tedavisi var m\u0131d\u0131r?<\/span>\n\t\t\t\t\t\t\t\t\t\t\t\t\t<span class=\"accordion-expander\"><i class=\"fa fa-chevron-down\"><\/i><i class=\"fa fa-chevron-up\"><\/i><\/span>\t\t\t\t\t\t\t\t\t\t\t<\/a>\n\t\t\t\t<\/h5>\t\t\t\t<\/div>\n\t\t\t\t\n\t\t\t\t<div id=\"collapse-1402\" class=\"accordion-collapse collapse \" role=\"tabpanel\" aria-labelledby=\"heading-1402\">\n\n\t\t\t\t<div class=\"accordion-content\">\n\t\t\t\t\t<p>Di\u015f s\u0131kman\u0131n nedenleri ve mekanizmas\u0131yla alakal\u0131 \u00e7e\u015fitli hipotezler mevcuttur. Ancak bu hipotezlerden hareket edilerek di\u015f s\u0131kman\u0131n tam ve kesin bir tedavisi hala bulunamam\u0131\u015ft\u0131r. Bu y\u00fczden di\u015f hekimlerinin amac\u0131 di\u015flerde, \u00e7ene ekleminde olu\u015fabilecek kal\u0131c\u0131 zararlar\u0131 \u00f6nlemek ve a\u011fr\u0131y\u0131 ortadan kald\u0131rmakt\u0131r. Bu ama\u00e7la ki\u015fiye \u00f6zel haz\u0131rlanan okluzal splintler di\u015f s\u0131kmas\u0131n\u0131n semptomatik tedavisinde kullan\u0131lan en \u00f6nemli ara\u00e7t\u0131r.<\/p><p>Ancak okluzal splintler \u00e7o\u011funlukla tek ba\u015flar\u0131na yeterli olamamaktad\u0131r. Bu nedenle hastal\u0131\u011f\u0131n sergiledi\u011fi tabloya g\u00f6re okluzal splintlerin yan\u0131nda baz\u0131 ek tedavilerinde uygulanmas\u0131 gerekmektedir. Bunlar;<\/p><ul><li>Stres terapisi,<\/li><li>Rahat uyumay\u0131 sa\u011flay\u0131c\u0131 \u00f6nlemler,<\/li><li>Kas gev\u015fetici ila\u00e7 uygulamas\u0131,<\/li><li>Hatal\u0131 yap\u0131lm\u0131\u015f di\u015f dolgusu ve kaplamalar\u0131n yenilenmesi,<\/li><li>Eksik olan di\u015flerin yerine koyulabilmesi i\u00e7in protez uygulamalar\u0131.<\/li><\/ul>\t\t\t\t<\/div>\n\t\t\t\t\t\t\n\t\t\t\t<\/div>\n\t\t\t\t\n\t\t\t<\/div>\n\t\t\t\t\t\t\t\t\t\n\t\t<\/div>\n\n\t\t\t\t<\/div>\n\t\t\t\t<\/div>\n\t\t\t\t\t<\/div>\n\t\t\t\t<\/div>\n\t\t<div class=\"elementor-element elementor-element-0caae0a e-flex e-con-boxed e-con e-parent\" data-id=\"0caae0a\" data-element_type=\"container\" data-settings=\"{&quot;content_width&quot;:&quot;boxed&quot;}\" data-core-v316-plus=\"true\">\n\t\t\t\t\t<div class=\"e-con-inner\">\n\t\t\t\t<div class=\"elementor-element elementor-element-abd801e elementor-widget elementor-widget-hub_fancy_heading\" data-id=\"abd801e\" data-element_type=\"widget\" data-widget_type=\"hub_fancy_heading.default\">\n\t\t\t\t<div class=\"elementor-widget-container\">\n\t\t\t\n\t\t<div id=\"ld-fancy-heading-69f0f6f372ef8\" class=\"ld-fancy-heading pos-rel\">\n\t\t\t<h2 class=\"ld-fh-element d-inline-block pos-rel  elementor-heading-title lqd-highlight-classic lqd-highlight-grow-left h2\"  > \u0623\u0645\u0631\u0627\u0636 \u0627\u0644\u0644\u062b\u0629<\/h2>\t\t<\/div>\n\n\t\t\t\t<\/div>\n\t\t\t\t<\/div>\n\t\t\t\t\t<\/div>\n\t\t\t\t<\/div>\n\t\t<div class=\"elementor-element elementor-element-be05a1b e-flex e-con-boxed e-con e-parent\" data-id=\"be05a1b\" data-element_type=\"container\" data-settings=\"{&quot;content_width&quot;:&quot;boxed&quot;}\" data-core-v316-plus=\"true\">\n\t\t\t\t\t<div class=\"e-con-inner\">\n\t\t\t\t<div class=\"elementor-element elementor-element-243c02a elementor-widget elementor-widget-ld_accordion\" data-id=\"243c02a\" data-element_type=\"widget\" data-widget_type=\"ld_accordion.default\">\n\t\t\t\t<div class=\"elementor-widget-container\">\n\t\t\t\n\t\t<div class=\"accordion accordion-body-bordered accordion-sm\" id=\"accordion-69f0f6f374432\" role=\"tablist\" aria-multiselectable=\"true\">\n\t\t\t\t\t\t\t\t\t\t\t\t<div class=\"accordion-item panel  active\">\n\t\t\t\t\n\t\t\t\t<div class=\"accordion-heading\" role=\"tab\" id=\"heading-3791\">\n\t\t\t\t<h5 class=\"accordion-title \">\t\t\t\t\t<a class=\"\" role=\"button\" data-toggle=\"collapse\" \n\t\t\t\t\tdata-parent=\"#accordion-69f0f6f374432\" href=\"#collapse-3791\" \n\t\t\t\t\taria-expanded=\"true\" aria-controls=\"collapse-3791\">\n\t\t\t\t\t\t\t\t\t\t\t\t<span class=\"accordion-title-txt\">Periodontal hastal\u0131k nedir?<\/span>\n\t\t\t\t\t\t\t\t\t\t\t\t\t<span class=\"accordion-expander\"><i class=\"fa fa-chevron-down\"><\/i><i class=\"fa fa-chevron-up\"><\/i><\/span>\t\t\t\t\t\t\t\t\t\t\t<\/a>\n\t\t\t\t<\/h5>\t\t\t\t<\/div>\n\t\t\t\t\n\t\t\t\t<div id=\"collapse-3791\" class=\"accordion-collapse collapse  in\" role=\"tabpanel\" aria-labelledby=\"heading-3791\">\n\n\t\t\t\t<div class=\"accordion-content\">\n\t\t\t\t\t<p>Periodontal hastal\u0131k di\u015fleri destekleyen yumu\u015fak ve sert dokular\u0131n enfeksiyonudur. Bu durum \u201cplak\u201d dedi\u011fimiz bakteriden olu\u015fan yap\u0131\u015fkan film tabakas\u0131n\u0131n di\u015f \u00fczerine yerle\u015fmesinden ve di\u015fta\u015f\u0131na (tartar) d\u00f6n\u00fc\u015fmesinden dolay\u0131 olu\u015fmaktad\u0131r. Erken d\u00f6nemlerde di\u015fetinde iltihap g\u00f6zlenmekte; f\u0131r\u00e7alama veya di\u015f ipi kullan\u0131m\u0131 esnas\u0131nda kanama olabilmektedir. Bu safha \u201cgingivitis\u201d olarak adland\u0131r\u0131lmaktad\u0131r. Gingivitis, di\u015f hekiminin uygulayaca\u011f\u0131 tedavi ve iyi bir a\u011f\u0131z hijyeni ile geri d\u00f6nd\u00fcr\u00fclebilir. Gingivitis tedavi edilmezse, hastal\u0131k plak ve di\u015fta\u015f\u0131, di\u015fetinin alt\u0131na yerle\u015fim g\u00f6steren \u201cperiodontitis\u201de ilerler. Di\u015fetinin iltihaplanmas\u0131 ve irritasyonu, iltihapl\u0131 di\u015feti cepleri (di\u015f ve di\u015f eti aras\u0131nda artm\u0131\u015f bo\u015fluk) ile olu\u015fur. Periodontitis ilerlerse cepler derinle\u015fir ve di\u015fleri destekleyen kemik kaybedilir. Tedavi edilmedi\u011fi takdirde; bu durum sonunda di\u015f kaybedilebilir.<\/p>\t\t\t\t<\/div>\n\t\t\t\t\t\t\n\t\t\t\t<\/div>\n\t\t\t\t\n\t\t\t<\/div>\n\t\t\t\t\t\t\t\t\t<div class=\"accordion-item panel \">\n\t\t\t\t\n\t\t\t\t<div class=\"accordion-heading\" role=\"tab\" id=\"heading-3792\">\n\t\t\t\t<h5 class=\"accordion-title \">\t\t\t\t\t<a class=\"collapsed\" role=\"button\" data-toggle=\"collapse\" \n\t\t\t\t\tdata-parent=\"#accordion-69f0f6f374432\" href=\"#collapse-3792\" \n\t\t\t\t\taria-expanded=\"false\" aria-controls=\"collapse-3792\">\n\t\t\t\t\t\t\t\t\t\t\t\t<span class=\"accordion-title-txt\">Periodontal hastal\u0131k nas\u0131l te\u015fhis edilir?<\/span>\n\t\t\t\t\t\t\t\t\t\t\t\t\t<span class=\"accordion-expander\"><i class=\"fa fa-chevron-down\"><\/i><i class=\"fa fa-chevron-up\"><\/i><\/span>\t\t\t\t\t\t\t\t\t\t\t<\/a>\n\t\t\t\t<\/h5>\t\t\t\t<\/div>\n\t\t\t\t\n\t\t\t\t<div id=\"collapse-3792\" class=\"accordion-collapse collapse \" role=\"tabpanel\" aria-labelledby=\"heading-3792\">\n\n\t\t\t\t<div class=\"accordion-content\">\n\t\t\t\t\t<p>Periodontal hastal\u0131\u011f\u0131n ba\u015fl\u0131ca belirtileri.<\/p><p>F\u0131r\u00e7alarken ve\/veya yemek yerken di\u015fetlerinde olu\u015fan kanama<\/p><p>\u0130leri d\u00f6nemlerde di\u015flerde sallanma<\/p><p>Di\u015fetinin \u00e7ekilmesi ile di\u015flerin g\u00f6r\u00fcnen boyunun uzamas\u0131.<\/p><p>E\u011fer d\u00fczenli kontrol\u00fcn\u00fczde, di\u015f hekiminizin rakamlar s\u00f6yleyip, bunlar\u0131 dental \u015fablona not etti\u011fine tan\u0131k olduysan\u0131z, bu cep \u00f6l\u00e7\u00fcm\u00fcn\u00fc deneyimledi\u011finizi g\u00f6sterir. Rutin check-up\u2019 \u0131n bir par\u00e7as\u0131 olarak di\u015f hekimi periodontal muayeneyi, cep \u00f6l\u00e7\u00fcm\u00fc ve kanama kontrol\u00fc yaparak tamamlar. Di\u015f hekimi i\u00e7in kanama ve 4 mm veya \u00fcst\u00fcnde cep varl\u0131\u011f\u0131, gingivitis ve periodontitisi tan\u0131mlamak i\u00e7in bir yoldur.<\/p>\t\t\t\t<\/div>\n\t\t\t\t\t\t\n\t\t\t\t<\/div>\n\t\t\t\t\n\t\t\t<\/div>\n\t\t\t\t\t\t\t\t\t<div class=\"accordion-item panel \">\n\t\t\t\t\n\t\t\t\t<div class=\"accordion-heading\" role=\"tab\" id=\"heading-3793\">\n\t\t\t\t<h5 class=\"accordion-title \">\t\t\t\t\t<a class=\"collapsed\" role=\"button\" data-toggle=\"collapse\" \n\t\t\t\t\tdata-parent=\"#accordion-69f0f6f374432\" href=\"#collapse-3793\" \n\t\t\t\t\taria-expanded=\"false\" aria-controls=\"collapse-3793\">\n\t\t\t\t\t\t\t\t\t\t\t\t<span class=\"accordion-title-txt\">Periodontal hastal\u0131k i\u00e7in di\u015f hekiminin \u00f6nerebilece\u011fi baz\u0131 tedaviler nelerdir?<\/span>\n\t\t\t\t\t\t\t\t\t\t\t\t\t<span class=\"accordion-expander\"><i class=\"fa fa-chevron-down\"><\/i><i class=\"fa fa-chevron-up\"><\/i><\/span>\t\t\t\t\t\t\t\t\t\t\t<\/a>\n\t\t\t\t<\/h5>\t\t\t\t<\/div>\n\t\t\t\t\n\t\t\t\t<div id=\"collapse-3793\" class=\"accordion-collapse collapse \" role=\"tabpanel\" aria-labelledby=\"heading-3793\">\n\n\t\t\t\t<div class=\"accordion-content\">\n\t\t\t\t\t<p>Pratisyen di\u015f hekiminiz periodontal hastal\u0131\u011f\u0131n\u0131z\u0131 tedavi edebilir ya da sizi bir periodontolo\u011fa y\u00f6nlendirebilir. Periodontolog; di\u015fleri \u00e7evreleyen di\u015feti ve kemi\u011fin tedavisi ve bak\u0131m\u0131nda uzmanla\u015fm\u0131\u015f ve bunun i\u00e7in fazladan e\u011fitim alm\u0131\u015f di\u015f hekimidir.<\/p><p>Di\u015f hekiminiz ya da periodontolo\u011funuz tedavi i\u00e7in \u201ck\u00f6k y\u00fczeyindeki birikintilerin elimine edilmesi ve enfekte ve nekrotik k\u00f6k y\u00fczeyinin temizlenmesi\u201d denilen, ayr\u0131ca \u201cderin temizlik\u201d olarak bilinen cerrahi olmayan i\u015flemi \u00f6nerebilir. E\u011fer cerrahisiz tedavi etkili de\u011filse ve kemik kayb\u0131n\u0131n \u015fiddeti fazla ise; periodontal cerrahi \u00f6nerilebilir. Bu tedavi tartar, plak, bakteri ve di\u015fetinin alt\u0131nda bulunan hastal\u0131kl\u0131 dokular\u0131 uzakla\u015ft\u0131rmak i\u00e7in di\u015feti dokusunun cerrahi olarak a\u00e7\u0131lmas\u0131n\u0131 ve sonra diki\u015f at\u0131lmas\u0131n\u0131 i\u00e7erir. Periodontal hastal\u0131k kontrol alt\u0131nda ise; hekiminiz periodontal hastal\u0131ktan etkilenen di\u015feti ve hekimi kemik ve di\u015feti dokusu aras\u0131na kemik materyalini cerrahi olarak yerle\u015ftirir. Bu kemik materyali yeni kemik ve ba\u011f dokunun geli\u015fimine izin vermektedir.<\/p>\t\t\t\t<\/div>\n\t\t\t\t\t\t\n\t\t\t\t<\/div>\n\t\t\t\t\n\t\t\t<\/div>\n\t\t\t\t\t\t\t\t\t<div class=\"accordion-item panel \">\n\t\t\t\t\n\t\t\t\t<div class=\"accordion-heading\" role=\"tab\" id=\"heading-3794\">\n\t\t\t\t<h5 class=\"accordion-title \">\t\t\t\t\t<a class=\"collapsed\" role=\"button\" data-toggle=\"collapse\" \n\t\t\t\t\tdata-parent=\"#accordion-69f0f6f374432\" href=\"#collapse-3794\" \n\t\t\t\t\taria-expanded=\"false\" aria-controls=\"collapse-3794\">\n\t\t\t\t\t\t\t\t\t\t\t\t<span class=\"accordion-title-txt\">Periodontal hastal\u0131k tedavi edildikten sonra neler olur?<\/span>\n\t\t\t\t\t\t\t\t\t\t\t\t\t<span class=\"accordion-expander\"><i class=\"fa fa-chevron-down\"><\/i><i class=\"fa fa-chevron-up\"><\/i><\/span>\t\t\t\t\t\t\t\t\t\t\t<\/a>\n\t\t\t\t<\/h5>\t\t\t\t<\/div>\n\t\t\t\t\n\t\t\t\t<div id=\"collapse-3794\" class=\"accordion-collapse collapse \" role=\"tabpanel\" aria-labelledby=\"heading-3794\">\n\n\t\t\t\t<div class=\"accordion-content\">\n\t\t\t\t\t<p>Di\u015f hekiminiz ya da periodontolog, periodontal hastal\u0131\u011f\u0131n tekrar olu\u015fmas\u0131n\u0131 \u00f6nlemek i\u00e7in bir tedavi plan\u0131 re\u00e7ete edecektir. Bu \u201cidame faz\u0131\u201c olarak bilinmektedir. \u0130dame faz\u0131n\u0131z\u0131n bir par\u00e7as\u0131 olarak; di\u015f hekiminize s\u0131k ziyaretler yapacaks\u0131n\u0131z ve b\u00f6ylece di\u015f hekiminiz ya da periodontolo\u011funuz yeni bir hastal\u0131\u011f\u0131n olu\u015fmas\u0131na sebep olabilecek yeni tartar ve plak olu\u015fumunu \u00f6nleyebilecektir. Di\u015f hekiminiz size ayr\u0131ca a\u011f\u0131z- di\u015f sa\u011fl\u0131\u011f\u0131n\u0131z\u0131 koruman\u0131za yard\u0131mc\u0131 olmak i\u00e7in a\u011f\u0131z \u00e7alkalama sol\u00fcsyonlar\u0131, \u00f6zel di\u015f f\u0131r\u00e7alar\u0131 gibi ev bak\u0131m \u00f6nerilerinde bulunacakt\u0131r. \u0130dame faz\u0131, periodontal hastal\u0131\u011f\u0131n tekrar olu\u015fmas\u0131n\u0131n \u00f6nlenmesinde en \u00f6nemli b\u00f6l\u00fcm\u00fc olu\u015fturmaktad\u0131r.<\/p>\t\t\t\t<\/div>\n\t\t\t\t\t\t\n\t\t\t\t<\/div>\n\t\t\t\t\n\t\t\t<\/div>\n\t\t\t\t\t\t\t\t\t<div class=\"accordion-item panel \">\n\t\t\t\t\n\t\t\t\t<div class=\"accordion-heading\" role=\"tab\" id=\"heading-3795\">\n\t\t\t\t<h5 class=\"accordion-title \">\t\t\t\t\t<a class=\"collapsed\" role=\"button\" data-toggle=\"collapse\" \n\t\t\t\t\tdata-parent=\"#accordion-69f0f6f374432\" href=\"#collapse-3795\" \n\t\t\t\t\taria-expanded=\"false\" aria-controls=\"collapse-3795\">\n\t\t\t\t\t\t\t\t\t\t\t\t<span class=\"accordion-title-txt\">Periodontal hastal\u0131k a\u011f\u0131z d\u0131\u015f\u0131nda di\u011fer sa\u011fl\u0131k problemlerine yol a\u00e7abilir mi?<\/span>\n\t\t\t\t\t\t\t\t\t\t\t\t\t<span class=\"accordion-expander\"><i class=\"fa fa-chevron-down\"><\/i><i class=\"fa fa-chevron-up\"><\/i><\/span>\t\t\t\t\t\t\t\t\t\t\t<\/a>\n\t\t\t\t<\/h5>\t\t\t\t<\/div>\n\t\t\t\t\n\t\t\t\t<div id=\"collapse-3795\" class=\"accordion-collapse collapse \" role=\"tabpanel\" aria-labelledby=\"heading-3795\">\n\n\t\t\t\t<div class=\"accordion-content\">\n\t\t\t\t\t<p>Evet, a\u011f\u0131zdaki bakterinin kalp kapa\u011f\u0131 enflamasyonu denilen \u201cendokardite\u201d yol a\u00e7t\u0131\u011f\u0131 ve organ transplant\u0131 gibi komplike medikal prosed\u00fcrlerle ili\u015fkili oldu\u011fu bilinmektedir.. Di\u011fer hastal\u0131klar \u00fczerine olan etkisi belirsizdir. \u00c7al\u0131\u015fmalar periodontal hastal\u0131k ile a\u015fa\u011f\u0131daki durumlar aras\u0131nda ili\u015fkisi oldu\u011funu g\u00f6stermi\u015ftir:<\/p><ul><li>Artm\u0131\u015f kalp krizi riski<\/li><li>Artm\u0131\u015f erken do\u011fum ve d\u00fc\u015f\u00fck do\u011fum a\u011f\u0131rl\u0131\u011f\u0131 riski<\/li><li>Diyabetli bireylerde kan glukoz de\u011ferlerinin kontrol\u00fcn\u00fcn zorlu\u011fu<\/li><li>Bu arada, periodontal hastal\u0131\u011f\u0131n kontrol\u00fcn\u00fcn, di\u015fleri korudu\u011fu bir ger\u00e7ektir- bu di\u015f etleri ve di\u015flerin bak\u0131m\u0131 i\u00e7in iyi bir sebeptir.<\/li><\/ul>\t\t\t\t<\/div>\n\t\t\t\t\t\t\n\t\t\t\t<\/div>\n\t\t\t\t\n\t\t\t<\/div>\n\t\t\t\t\t\t\t\t\t\n\t\t<\/div>\n\n\t\t\t\t<\/div>\n\t\t\t\t<\/div>\n\t\t\t\t\t<\/div>\n\t\t\t\t<\/div>\n\t\t<div class=\"elementor-element elementor-element-d61f1ab e-flex e-con-boxed e-con e-parent\" data-id=\"d61f1ab\" data-element_type=\"container\" data-settings=\"{&quot;content_width&quot;:&quot;boxed&quot;}\" data-core-v316-plus=\"true\">\n\t\t\t\t\t<div class=\"e-con-inner\">\n\t\t\t\t<div class=\"elementor-element elementor-element-2b5ce1d elementor-widget elementor-widget-hub_fancy_heading\" data-id=\"2b5ce1d\" data-element_type=\"widget\" data-widget_type=\"hub_fancy_heading.default\">\n\t\t\t\t<div class=\"elementor-widget-container\">\n\t\t\t\n\t\t<div id=\"ld-fancy-heading-69f0f6f375586\" class=\"ld-fancy-heading pos-rel\">\n\t\t\t<h2 class=\"ld-fh-element d-inline-block pos-rel  elementor-heading-title lqd-highlight-classic lqd-highlight-grow-left h2\"  > \u062a\u0642\u0648\u064a\u0645 \u0627\u0644\u0627\u0633\u0646\u0627\u0646<\/h2>\t\t<\/div>\n\n\t\t\t\t<\/div>\n\t\t\t\t<\/div>\n\t\t\t\t\t<\/div>\n\t\t\t\t<\/div>\n\t\t<div class=\"elementor-element elementor-element-074223d e-flex e-con-boxed e-con e-parent\" data-id=\"074223d\" data-element_type=\"container\" data-settings=\"{&quot;content_width&quot;:&quot;boxed&quot;}\" data-core-v316-plus=\"true\">\n\t\t\t\t\t<div class=\"e-con-inner\">\n\t\t\t\t<div class=\"elementor-element elementor-element-9e92df1 elementor-widget elementor-widget-ld_accordion\" data-id=\"9e92df1\" data-element_type=\"widget\" data-widget_type=\"ld_accordion.default\">\n\t\t\t\t<div class=\"elementor-widget-container\">\n\t\t\t\n\t\t<div class=\"accordion accordion-body-bordered accordion-sm\" id=\"accordion-69f0f6f376b7f\" role=\"tablist\" aria-multiselectable=\"true\">\n\t\t\t\t\t\t\t\t\t\t\t\t<div class=\"accordion-item panel  active\">\n\t\t\t\t\n\t\t\t\t<div class=\"accordion-heading\" role=\"tab\" id=\"heading-1661\">\n\t\t\t\t<h5 class=\"accordion-title \">\t\t\t\t\t<a class=\"\" role=\"button\" data-toggle=\"collapse\" \n\t\t\t\t\tdata-parent=\"#accordion-69f0f6f376b7f\" href=\"#collapse-1661\" \n\t\t\t\t\taria-expanded=\"true\" aria-controls=\"collapse-1661\">\n\t\t\t\t\t\t\t\t\t\t\t\t<span class=\"accordion-title-txt\">Her ya\u015fta ortodontik tedavi yap\u0131labilir mi?<\/span>\n\t\t\t\t\t\t\t\t\t\t\t\t\t<span class=\"accordion-expander\"><i class=\"fa fa-chevron-down\"><\/i><i class=\"fa fa-chevron-up\"><\/i><\/span>\t\t\t\t\t\t\t\t\t\t\t<\/a>\n\t\t\t\t<\/h5>\t\t\t\t<\/div>\n\t\t\t\t\n\t\t\t\t<div id=\"collapse-1661\" class=\"accordion-collapse collapse  in\" role=\"tabpanel\" aria-labelledby=\"heading-1661\">\n\n\t\t\t\t<div class=\"accordion-content\">\n\t\t\t\t\t<p>Evet yap\u0131labilir. Yayg\u0131n olarak bilinen ortodontinin sadece \u00e7ocuklara uyguland\u0131\u011f\u0131d\u0131r. Oysa di\u015flerin yer de\u011fi\u015ftirilmesi her ya\u015fta m\u00fcmk\u00fcnd\u00fcr. Yani isterseniz 8 ya\u015f\u0131ndaki \u00e7ocu\u011funuzun \u00e7\u0131kmayan di\u015fleri tedavi ile s\u00fcrd\u00fcr\u00fcl\u00fcrken ayn\u0131 anda sizin de di\u015flerinizin aras\u0131ndaki bo\u015fluklar ortodontik tedavi ile kapat\u0131labilir. Ortodontik tedavinin ya\u015f olarak \u00fcst s\u0131n\u0131r\u0131 yoktur. \u0130htiyac\u0131 olan bireylere her ya\u015fta uygulanabilir. Siz eri\u015fkinler i\u00e7in di\u015f renginde braketler oldu\u011fu gibi ayn\u0131 zamanda braketlerin dil taraf\u0131ndan yap\u0131\u015ft\u0131r\u0131larak tedavi oldu\u011funuzu gizlemek de m\u00fcmk\u00fcnd\u00fcr.<\/p>\t\t\t\t<\/div>\n\t\t\t\t\t\t\n\t\t\t\t<\/div>\n\t\t\t\t\n\t\t\t<\/div>\n\t\t\t\t\t\t\t\t\t<div class=\"accordion-item panel \">\n\t\t\t\t\n\t\t\t\t<div class=\"accordion-heading\" role=\"tab\" id=\"heading-1662\">\n\t\t\t\t<h5 class=\"accordion-title \">\t\t\t\t\t<a class=\"collapsed\" role=\"button\" data-toggle=\"collapse\" \n\t\t\t\t\tdata-parent=\"#accordion-69f0f6f376b7f\" href=\"#collapse-1662\" \n\t\t\t\t\taria-expanded=\"false\" aria-controls=\"collapse-1662\">\n\t\t\t\t\t\t\t\t\t\t\t\t<span class=\"accordion-title-txt\">Ortodontik tedavinin s\u00fcresi nedir?<\/span>\n\t\t\t\t\t\t\t\t\t\t\t\t\t<span class=\"accordion-expander\"><i class=\"fa fa-chevron-down\"><\/i><i class=\"fa fa-chevron-up\"><\/i><\/span>\t\t\t\t\t\t\t\t\t\t\t<\/a>\n\t\t\t\t<\/h5>\t\t\t\t<\/div>\n\t\t\t\t\n\t\t\t\t<div id=\"collapse-1662\" class=\"accordion-collapse collapse \" role=\"tabpanel\" aria-labelledby=\"heading-1662\">\n\n\t\t\t\t<div class=\"accordion-content\">\n\t\t\t\t\t<p>Vakan\u0131n durumuna ve hasta ya\u015f\u0131na ba\u011fl\u0131 olarak 6 ay ile 36 ay aras\u0131nda de\u011fi\u015febilir.<\/p>\t\t\t\t<\/div>\n\t\t\t\t\t\t\n\t\t\t\t<\/div>\n\t\t\t\t\n\t\t\t<\/div>\n\t\t\t\t\t\t\t\t\t<div class=\"accordion-item panel \">\n\t\t\t\t\n\t\t\t\t<div class=\"accordion-heading\" role=\"tab\" id=\"heading-1663\">\n\t\t\t\t<h5 class=\"accordion-title \">\t\t\t\t\t<a class=\"collapsed\" role=\"button\" data-toggle=\"collapse\" \n\t\t\t\t\tdata-parent=\"#accordion-69f0f6f376b7f\" href=\"#collapse-1663\" \n\t\t\t\t\taria-expanded=\"false\" aria-controls=\"collapse-1663\">\n\t\t\t\t\t\t\t\t\t\t\t\t<span class=\"accordion-title-txt\">\u00c7ocu\u011fum geceleri parmak emiyor di\u015flerine zarar verir mi?<\/span>\n\t\t\t\t\t\t\t\t\t\t\t\t\t<span class=\"accordion-expander\"><i class=\"fa fa-chevron-down\"><\/i><i class=\"fa fa-chevron-up\"><\/i><\/span>\t\t\t\t\t\t\t\t\t\t\t<\/a>\n\t\t\t\t<\/h5>\t\t\t\t<\/div>\n\t\t\t\t\n\t\t\t\t<div id=\"collapse-1663\" class=\"accordion-collapse collapse \" role=\"tabpanel\" aria-labelledby=\"heading-1663\">\n\n\t\t\t\t<div class=\"accordion-content\">\n\t\t\t\t\t<p>K\u00f6t\u00fc al\u0131\u015fkanl\u0131klar dedi\u011fimiz parmak emme, yalanc\u0131 emzik kullan\u0131m\u0131, biberon kullan\u0131m\u0131, t\u0131rnak yeme vb al\u0131\u015fkanl\u0131klar \u00e7ocuk 3.5-4 ya\u015f\u0131na geldi\u011finde halen devam ediyorsa mutlaka b\u0131rakt\u0131r\u0131lmal\u0131d\u0131r. Devam etmesi halinde bu al\u0131\u015fkanl\u0131klar\u0131n yaratt\u0131\u011f\u0131 etkiler kal\u0131c\u0131 hale gelir ve \u00e7ocu\u011fun ciddi ve uzun s\u00fcreli ortodontik tedavi g\u00f6rmesi gerekir. Parmak emme bu al\u0131\u015fkanl\u0131klar i\u00e7inde en zor b\u0131rakt\u0131r\u0131lan\u0131d\u0131r. \u00c7ocu\u011funuzda parmak emme te\u015fhis etti\u011finizde bir ortodontistin kontrol\u00fcne gitmenizde yarar vard\u0131r.<\/p>\t\t\t\t<\/div>\n\t\t\t\t\t\t\n\t\t\t\t<\/div>\n\t\t\t\t\n\t\t\t<\/div>\n\t\t\t\t\t\t\t\t\t<div class=\"accordion-item panel \">\n\t\t\t\t\n\t\t\t\t<div class=\"accordion-heading\" role=\"tab\" id=\"heading-1664\">\n\t\t\t\t<h5 class=\"accordion-title \">\t\t\t\t\t<a class=\"collapsed\" role=\"button\" data-toggle=\"collapse\" \n\t\t\t\t\tdata-parent=\"#accordion-69f0f6f376b7f\" href=\"#collapse-1664\" \n\t\t\t\t\taria-expanded=\"false\" aria-controls=\"collapse-1664\">\n\t\t\t\t\t\t\t\t\t\t\t\t<span class=\"accordion-title-txt\">Tedavim s\u0131ras\u0131nda nelere dikkat etmem gerekiyor? K\u0131s\u0131tlamalar var m\u0131?<\/span>\n\t\t\t\t\t\t\t\t\t\t\t\t\t<span class=\"accordion-expander\"><i class=\"fa fa-chevron-down\"><\/i><i class=\"fa fa-chevron-up\"><\/i><\/span>\t\t\t\t\t\t\t\t\t\t\t<\/a>\n\t\t\t\t<\/h5>\t\t\t\t<\/div>\n\t\t\t\t\n\t\t\t\t<div id=\"collapse-1664\" class=\"accordion-collapse collapse \" role=\"tabpanel\" aria-labelledby=\"heading-1664\">\n\n\t\t\t\t<div class=\"accordion-content\">\n\t\t\t\t\t<p>Di\u015flerinizin \u00fczerine yap\u0131\u015ft\u0131r\u0131lan tellerin (braket) k\u0131r\u0131lmadan di\u015flerin y\u00fczeyinde durmas\u0131 tedavinin ba\u015far\u0131s\u0131 a\u00e7\u0131s\u0131ndan \u00f6nemlidir. Bu sebeple yenilen g\u0131dalara \u00f6zen g\u00f6sterilmelidir. Tedaviniz s\u00fcresince a\u015fa\u011f\u0131daki g\u0131dalardan uzak durman\u0131z gerekmektedir (ya da k\u00fc\u00e7\u00fck par\u00e7alara b\u00f6lerek yemelisiniz); sert g\u0131dalar, kuruyemi\u015f, sert \u015fekerler, elma, erik , ayva gibi meyveler, cips, sak\u0131z, lokum gibi di\u015flere ve braketlerinize yap\u0131\u015fabilecek temizlenmesi zor olan g\u0131dalar, kola gibi asitli i\u00e7ecekler vb.<\/p>\t\t\t\t<\/div>\n\t\t\t\t\t\t\n\t\t\t\t<\/div>\n\t\t\t\t\n\t\t\t<\/div>\n\t\t\t\t\t\t\t\t\t<div class=\"accordion-item panel \">\n\t\t\t\t\n\t\t\t\t<div class=\"accordion-heading\" role=\"tab\" id=\"heading-1665\">\n\t\t\t\t<h5 class=\"accordion-title \">\t\t\t\t\t<a class=\"collapsed\" role=\"button\" data-toggle=\"collapse\" \n\t\t\t\t\tdata-parent=\"#accordion-69f0f6f376b7f\" href=\"#collapse-1665\" \n\t\t\t\t\taria-expanded=\"false\" aria-controls=\"collapse-1665\">\n\t\t\t\t\t\t\t\t\t\t\t\t<span class=\"accordion-title-txt\">Tedavi s\u0131ras\u0131nda a\u011fr\u0131 veya hassasiyet olacak m\u0131?<\/span>\n\t\t\t\t\t\t\t\t\t\t\t\t\t<span class=\"accordion-expander\"><i class=\"fa fa-chevron-down\"><\/i><i class=\"fa fa-chevron-up\"><\/i><\/span>\t\t\t\t\t\t\t\t\t\t\t<\/a>\n\t\t\t\t<\/h5>\t\t\t\t<\/div>\n\t\t\t\t\n\t\t\t\t<div id=\"collapse-1665\" class=\"accordion-collapse collapse \" role=\"tabpanel\" aria-labelledby=\"heading-1665\">\n\n\t\t\t\t<div class=\"accordion-content\">\n\t\t\t\t\t<p>Tellerin tak\u0131ld\u0131\u011f\u0131 ilk g\u00fcnler yanaklar\u0131n ve dudaklar\u0131n i\u00e7 y\u00fczeylerinde hafif tahri\u015f ve di\u015flerde \u00e7i\u011fneme s\u0131ras\u0131nda a\u011fr\u0131 olabilir. \u015eikayetlerinizin derecesi ne olursa olsun en fazla 10 g\u00fcn i\u00e7erisinde a\u011fz\u0131n\u0131zda tel oldu\u011funu hissetmeyeceksiniz.<\/p>\t\t\t\t<\/div>\n\t\t\t\t\t\t\n\t\t\t\t<\/div>\n\t\t\t\t\n\t\t\t<\/div>\n\t\t\t\t\t\t\t\t\t<div class=\"accordion-item panel \">\n\t\t\t\t\n\t\t\t\t<div class=\"accordion-heading\" role=\"tab\" id=\"heading-1666\">\n\t\t\t\t<h5 class=\"accordion-title \">\t\t\t\t\t<a class=\"collapsed\" role=\"button\" data-toggle=\"collapse\" \n\t\t\t\t\tdata-parent=\"#accordion-69f0f6f376b7f\" href=\"#collapse-1666\" \n\t\t\t\t\taria-expanded=\"false\" aria-controls=\"collapse-1666\">\n\t\t\t\t\t\t\t\t\t\t\t\t<span class=\"accordion-title-txt\">Di\u015flerim d\u00fczeldikten sonra tekrar bozulabilir mi?<\/span>\n\t\t\t\t\t\t\t\t\t\t\t\t\t<span class=\"accordion-expander\"><i class=\"fa fa-chevron-down\"><\/i><i class=\"fa fa-chevron-up\"><\/i><\/span>\t\t\t\t\t\t\t\t\t\t\t<\/a>\n\t\t\t\t<\/h5>\t\t\t\t<\/div>\n\t\t\t\t\n\t\t\t\t<div id=\"collapse-1666\" class=\"accordion-collapse collapse \" role=\"tabpanel\" aria-labelledby=\"heading-1666\">\n\n\t\t\t\t<div class=\"accordion-content\">\n\t\t\t\t\t<p>Di\u015fleriniz d\u00fczeldikten sonra telleriniz di\u015f y\u00fczeylerinden \u00e7\u0131kart\u0131lacakt\u0131r. Bu i\u015flemin ard\u0131ndan size mevcut durumu korumas\u0131 amac\u0131 ile peki\u015ftirme ayg\u0131tlar\u0131 uygulanacakt\u0131r. E\u011fer bu ayg\u0131tlar size \u00f6nerilen s\u00fcrelerde kullan\u0131lmazsa ve uzun s\u00fcre kontrole gelinmezse di\u015flerinizin tekrar bozulma ihtimali vard\u0131r.<\/p>\t\t\t\t<\/div>\n\t\t\t\t\t\t\n\t\t\t\t<\/div>\n\t\t\t\t\n\t\t\t<\/div>\n\t\t\t\t\t\t\t\t\t<div class=\"accordion-item panel \">\n\t\t\t\t\n\t\t\t\t<div class=\"accordion-heading\" role=\"tab\" id=\"heading-1667\">\n\t\t\t\t<h5 class=\"accordion-title \">\t\t\t\t\t<a class=\"collapsed\" role=\"button\" data-toggle=\"collapse\" \n\t\t\t\t\tdata-parent=\"#accordion-69f0f6f376b7f\" href=\"#collapse-1667\" \n\t\t\t\t\taria-expanded=\"false\" aria-controls=\"collapse-1667\">\n\t\t\t\t\t\t\t\t\t\t\t\t<span class=\"accordion-title-txt\">Di\u015flerimi d\u00fczelttirmezsem ne gibi problemlerle kar\u015f\u0131la\u015fabilirim?<\/span>\n\t\t\t\t\t\t\t\t\t\t\t\t\t<span class=\"accordion-expander\"><i class=\"fa fa-chevron-down\"><\/i><i class=\"fa fa-chevron-up\"><\/i><\/span>\t\t\t\t\t\t\t\t\t\t\t<\/a>\n\t\t\t\t<\/h5>\t\t\t\t<\/div>\n\t\t\t\t\n\t\t\t\t<div id=\"collapse-1667\" class=\"accordion-collapse collapse \" role=\"tabpanel\" aria-labelledby=\"heading-1667\">\n\n\t\t\t\t<div class=\"accordion-content\">\n\t\t\t\t\t<p>Di\u015flerinizdeki d\u00fczensizlikler ya\u015f\u0131n\u0131z ilerledik\u00e7e daha \u015fiddetlenecektir. Yani uzun d\u00f6nemde di\u015flerinizin g\u00f6r\u00fcn\u00fcm\u00fc sizi daha \u00e7ok rahats\u0131z eden bir hal alacakt\u0131r. Di\u015flerinizin d\u00fczg\u00fcn kapanm\u0131yor olmas\u0131, \u00e7ene eklemlerinize normalden daha fazla bask\u0131 gelmesine sebep olup, uzun d\u00f6nemde a\u011f\u0131z a\u00e7\u0131p kapama k\u0131s\u0131tlamalar\u0131, \u00e7ene kilitlenmesi gibi problemlere yol a\u00e7abilir. Di\u015flerinizdeki d\u00fczensizlikten dolay\u0131 di\u015f aralar\u0131 ve baz\u0131 y\u00fczeyleri daha zor temizlenece\u011finden, \u00e7\u00fcr\u00fck olu\u015fumu d\u00fczenli di\u015f dizisi olan bir bireye g\u00f6re daha fazla olacakt\u0131r.<\/p>\t\t\t\t<\/div>\n\t\t\t\t\t\t\n\t\t\t\t<\/div>\n\t\t\t\t\n\t\t\t<\/div>\n\t\t\t\t\t\t\t\t\t<div class=\"accordion-item panel \">\n\t\t\t\t\n\t\t\t\t<div class=\"accordion-heading\" role=\"tab\" id=\"heading-1668\">\n\t\t\t\t<h5 class=\"accordion-title \">\t\t\t\t\t<a class=\"collapsed\" role=\"button\" data-toggle=\"collapse\" \n\t\t\t\t\tdata-parent=\"#accordion-69f0f6f376b7f\" href=\"#collapse-1668\" \n\t\t\t\t\taria-expanded=\"false\" aria-controls=\"collapse-1668\">\n\t\t\t\t\t\t\t\t\t\t\t\t<span class=\"accordion-title-txt\">Di\u015flerimde (\u00e7ocu\u011fumun di\u015flerinde) ortodontik problemi nas\u0131l te\u015fhis edebilirim?<\/span>\n\t\t\t\t\t\t\t\t\t\t\t\t\t<span class=\"accordion-expander\"><i class=\"fa fa-chevron-down\"><\/i><i class=\"fa fa-chevron-up\"><\/i><\/span>\t\t\t\t\t\t\t\t\t\t\t<\/a>\n\t\t\t\t<\/h5>\t\t\t\t<\/div>\n\t\t\t\t\n\t\t\t\t<div id=\"collapse-1668\" class=\"accordion-collapse collapse \" role=\"tabpanel\" aria-labelledby=\"heading-1668\">\n\n\t\t\t\t<div class=\"accordion-content\">\n\t\t\t\t\t<p>Hastalar\u0131m\u0131z \u00e7o\u011funlukla k\u00f6pek di\u015flerinin yukarda kald\u0131\u011f\u0131 \u015fiddetli \u00e7apra\u015f\u0131kl\u0131k durumlar\u0131nda uzmana dan\u0131\u015fmaktad\u0131rlar. O d\u00fczeyde dikkat \u00e7ekici bir durum yoksa ortodontik sorunlar ge\u00e7 ya\u015flarda fark edilmekte ve hastalar \"bu ya\u015fta tedavi olamam\" diyerek ortodontik tedaviden vazge\u00e7erek ya o \u015fekilde kalmay\u0131 tercih etmekte ya da sa\u011fl\u0131kl\u0131 di\u015flerini kestirerek protez yapt\u0131rmak durumda kalmaktad\u0131r.<\/p>\t\t\t\t<\/div>\n\t\t\t\t\t\t\n\t\t\t\t<\/div>\n\t\t\t\t\n\t\t\t<\/div>\n\t\t\t\t\t\t\t\t\t<div class=\"accordion-item panel \">\n\t\t\t\t\n\t\t\t\t<div class=\"accordion-heading\" role=\"tab\" id=\"heading-1669\">\n\t\t\t\t<h5 class=\"accordion-title \">\t\t\t\t\t<a class=\"collapsed\" role=\"button\" data-toggle=\"collapse\" \n\t\t\t\t\tdata-parent=\"#accordion-69f0f6f376b7f\" href=\"#collapse-1669\" \n\t\t\t\t\taria-expanded=\"false\" aria-controls=\"collapse-1669\">\n\t\t\t\t\t\t\t\t\t\t\t\t<span class=\"accordion-title-txt\">Ortodontik tedavi di\u015flerimin \u00e7\u00fcr\u00fcmesini h\u0131zland\u0131r\u0131r m\u0131?<\/span>\n\t\t\t\t\t\t\t\t\t\t\t\t\t<span class=\"accordion-expander\"><i class=\"fa fa-chevron-down\"><\/i><i class=\"fa fa-chevron-up\"><\/i><\/span>\t\t\t\t\t\t\t\t\t\t\t<\/a>\n\t\t\t\t<\/h5>\t\t\t\t<\/div>\n\t\t\t\t\n\t\t\t\t<div id=\"collapse-1669\" class=\"accordion-collapse collapse \" role=\"tabpanel\" aria-labelledby=\"heading-1669\">\n\n\t\t\t\t<div class=\"accordion-content\">\n\t\t\t\t\t<p>Di\u015flerin \u00fczerine yerle\u015ftirilen tellerin girintili \u00e7\u0131k\u0131nt\u0131l\u0131 y\u00fczeyleri yiyeceklerin birikimine olduk\u00e7a elveri\u015fli alanlard\u0131r. E\u011fer di\u015fler do\u011fru f\u0131r\u00e7alanmazsa, ortodontik tedavi ile di\u015fleriniz de \u00e7\u00fcr\u00fcmeler g\u00f6r\u00fclebilir.<\/p>\t\t\t\t<\/div>\n\t\t\t\t\t\t\n\t\t\t\t<\/div>\n\t\t\t\t\n\t\t\t<\/div>\n\t\t\t\t\t\t\t\t\t<div class=\"accordion-item panel \">\n\t\t\t\t\n\t\t\t\t<div class=\"accordion-heading\" role=\"tab\" id=\"heading-16610\">\n\t\t\t\t<h5 class=\"accordion-title \">\t\t\t\t\t<a class=\"collapsed\" role=\"button\" data-toggle=\"collapse\" \n\t\t\t\t\tdata-parent=\"#accordion-69f0f6f376b7f\" href=\"#collapse-16610\" \n\t\t\t\t\taria-expanded=\"false\" aria-controls=\"collapse-16610\">\n\t\t\t\t\t\t\t\t\t\t\t\t<span class=\"accordion-title-txt\">Tedavi amac\u0131 ile baz\u0131 di\u015flerin \u00e7ekilmesi gerekiyormu\u015f. Di\u015f eksiltmenin sak\u0131ncas\u0131 var m\u0131?<\/span>\n\t\t\t\t\t\t\t\t\t\t\t\t\t<span class=\"accordion-expander\"><i class=\"fa fa-chevron-down\"><\/i><i class=\"fa fa-chevron-up\"><\/i><\/span>\t\t\t\t\t\t\t\t\t\t\t<\/a>\n\t\t\t\t<\/h5>\t\t\t\t<\/div>\n\t\t\t\t\n\t\t\t\t<div id=\"collapse-16610\" class=\"accordion-collapse collapse \" role=\"tabpanel\" aria-labelledby=\"heading-16610\">\n\n\t\t\t\t<div class=\"accordion-content\">\n\t\t\t\t\t<p>Ortodontik tedavi amac\u0131 ile di\u015f \u00e7ekilmesi hastalar\u0131m\u0131z\u0131n velileri taraf\u0131ndan \u00e7o\u011funlukla istenmemektedir. Halbuki di\u015f \u00e7ekimi karar\u0131, di\u015flerin \u00e7ene kemikleri \u00fczerine yerle\u015ftirilemedi\u011fi durumlarda tedavi sonucunun daha ba\u015far\u0131l\u0131, elde edilen sonucun daha kal\u0131c\u0131 olmas\u0131n\u0131 sa\u011flar.<\/p>\t\t\t\t<\/div>\n\t\t\t\t\t\t\n\t\t\t\t<\/div>\n\t\t\t\t\n\t\t\t<\/div>\n\t\t\t\t\t\t\t\t\t\n\t\t<\/div>\n\n\t\t\t\t<\/div>\n\t\t\t\t<\/div>\n\t\t\t\t\t<\/div>\n\t\t\t\t<\/div>\n\t\t<div class=\"elementor-element elementor-element-562f8c2 e-flex e-con-boxed e-con e-parent\" data-id=\"562f8c2\" data-element_type=\"container\" data-settings=\"{&quot;content_width&quot;:&quot;boxed&quot;}\" data-core-v316-plus=\"true\">\n\t\t\t\t\t<div class=\"e-con-inner\">\n\t\t\t\t<div class=\"elementor-element elementor-element-61e7c46 elementor-widget elementor-widget-hub_fancy_heading\" data-id=\"61e7c46\" data-element_type=\"widget\" data-widget_type=\"hub_fancy_heading.default\">\n\t\t\t\t<div class=\"elementor-widget-container\">\n\t\t\t\n\t\t<div id=\"ld-fancy-heading-69f0f6f378422\" class=\"ld-fancy-heading pos-rel\">\n\t\t\t<h2 class=\"ld-fh-element d-inline-block pos-rel  elementor-heading-title lqd-highlight-classic lqd-highlight-grow-left h2\"  > Endodonti<\/h2>\t\t<\/div>\n\n\t\t\t\t<\/div>\n\t\t\t\t<\/div>\n\t\t\t\t\t<\/div>\n\t\t\t\t<\/div>\n\t\t<div class=\"elementor-element elementor-element-6f75b02 e-flex e-con-boxed e-con e-parent\" data-id=\"6f75b02\" data-element_type=\"container\" data-settings=\"{&quot;content_width&quot;:&quot;boxed&quot;}\" data-core-v316-plus=\"true\">\n\t\t\t\t\t<div class=\"e-con-inner\">\n\t\t\t\t<div class=\"elementor-element elementor-element-651e142 elementor-widget elementor-widget-ld_accordion\" data-id=\"651e142\" data-element_type=\"widget\" data-widget_type=\"ld_accordion.default\">\n\t\t\t\t<div class=\"elementor-widget-container\">\n\t\t\t\n\t\t<div class=\"accordion accordion-body-bordered accordion-sm\" id=\"accordion-69f0f6f379b6a\" role=\"tablist\" aria-multiselectable=\"true\">\n\t\t\t\t\t\t\t\t\t\t\t\t<div class=\"accordion-item panel  active\">\n\t\t\t\t\n\t\t\t\t<div class=\"accordion-heading\" role=\"tab\" id=\"heading-1061\">\n\t\t\t\t<h5 class=\"accordion-title \">\t\t\t\t\t<a class=\"\" role=\"button\" data-toggle=\"collapse\" \n\t\t\t\t\tdata-parent=\"#accordion-69f0f6f379b6a\" href=\"#collapse-1061\" \n\t\t\t\t\taria-expanded=\"true\" aria-controls=\"collapse-1061\">\n\t\t\t\t\t\t\t\t\t\t\t\t<span class=\"accordion-title-txt\">Bir di\u015fin kanal tedavisi g\u00f6rmesi gereklili\u011fini ortaya \u00e7\u0131karan temel unsur nedir?<\/span>\n\t\t\t\t\t\t\t\t\t\t\t\t\t<span class=\"accordion-expander\"><i class=\"fa fa-chevron-down\"><\/i><i class=\"fa fa-chevron-up\"><\/i><\/span>\t\t\t\t\t\t\t\t\t\t\t<\/a>\n\t\t\t\t<\/h5>\t\t\t\t<\/div>\n\t\t\t\t\n\t\t\t\t<div id=\"collapse-1061\" class=\"accordion-collapse collapse  in\" role=\"tabpanel\" aria-labelledby=\"heading-1061\">\n\n\t\t\t\t<div class=\"accordion-content\">\n\t\t\t\t\t<p>Genellikle buna derin \u00e7\u00fcr\u00fckler neden olur. Derin \u00e7\u00fcr\u00fcklerdeki bakteriler di\u015fin damar sinir paketinin iltihaplanmas\u0131na yol a\u00e7ar ve kanal tedavisiyle bu damar sinir paketinin \u00e7\u0131kar\u0131lmas\u0131 gerekir.<\/p>\t\t\t\t<\/div>\n\t\t\t\t\t\t\n\t\t\t\t<\/div>\n\t\t\t\t\n\t\t\t<\/div>\n\t\t\t\t\t\t\t\t\t<div class=\"accordion-item panel \">\n\t\t\t\t\n\t\t\t\t<div class=\"accordion-heading\" role=\"tab\" id=\"heading-1062\">\n\t\t\t\t<h5 class=\"accordion-title \">\t\t\t\t\t<a class=\"collapsed\" role=\"button\" data-toggle=\"collapse\" \n\t\t\t\t\tdata-parent=\"#accordion-69f0f6f379b6a\" href=\"#collapse-1062\" \n\t\t\t\t\taria-expanded=\"false\" aria-controls=\"collapse-1062\">\n\t\t\t\t\t\t\t\t\t\t\t\t<span class=\"accordion-title-txt\">Endodonti klini\u011finde ne t\u00fcr i\u015flemler yap\u0131lmaktad\u0131r?<\/span>\n\t\t\t\t\t\t\t\t\t\t\t\t\t<span class=\"accordion-expander\"><i class=\"fa fa-chevron-down\"><\/i><i class=\"fa fa-chevron-up\"><\/i><\/span>\t\t\t\t\t\t\t\t\t\t\t<\/a>\n\t\t\t\t<\/h5>\t\t\t\t<\/div>\n\t\t\t\t\n\t\t\t\t<div id=\"collapse-1062\" class=\"accordion-collapse collapse \" role=\"tabpanel\" aria-labelledby=\"heading-1062\">\n\n\t\t\t\t<div class=\"accordion-content\">\n\t\t\t\t\t<p>Endodonti klini\u011finde pulpa ve k\u00f6k\u00fc \u00e7evreleyen dokular kaynakl\u0131 a\u011fr\u0131lar\u0131n tedavisi, pulpa kaplamas\u0131 ve amputasyonu gibi vital pulpa tedavileri, k\u00f6k-pulpa kaynakl\u0131 patolojik dokular\u0131n cerrahi olarak uzakla\u015ft\u0131r\u0131lmas\u0131, yerinden \u00e7\u0131kan di\u015flerin yerine konmas\u0131, renklenmi\u015f di\u015f mine ve dentin dokular\u0131n\u0131n a\u011fart\u0131lmas\u0131 ve k\u00f6k kanal bo\u015flu\u011funu i\u00e7eren koronal restorasyonlarla ili\u015fkili post-core restorasyonlar\u0131 gibi tedavi i\u015flemleri yap\u0131lmaktad\u0131r.<\/p>\t\t\t\t<\/div>\n\t\t\t\t\t\t\n\t\t\t\t<\/div>\n\t\t\t\t\n\t\t\t<\/div>\n\t\t\t\t\t\t\t\t\t<div class=\"accordion-item panel \">\n\t\t\t\t\n\t\t\t\t<div class=\"accordion-heading\" role=\"tab\" id=\"heading-1063\">\n\t\t\t\t<h5 class=\"accordion-title \">\t\t\t\t\t<a class=\"collapsed\" role=\"button\" data-toggle=\"collapse\" \n\t\t\t\t\tdata-parent=\"#accordion-69f0f6f379b6a\" href=\"#collapse-1063\" \n\t\t\t\t\taria-expanded=\"false\" aria-controls=\"collapse-1063\">\n\t\t\t\t\t\t\t\t\t\t\t\t<span class=\"accordion-title-txt\">Kanal tedavisi sonras\u0131nda a\u011fr\u0131 olur mu?<\/span>\n\t\t\t\t\t\t\t\t\t\t\t\t\t<span class=\"accordion-expander\"><i class=\"fa fa-chevron-down\"><\/i><i class=\"fa fa-chevron-up\"><\/i><\/span>\t\t\t\t\t\t\t\t\t\t\t<\/a>\n\t\t\t\t<\/h5>\t\t\t\t<\/div>\n\t\t\t\t\n\t\t\t\t<div id=\"collapse-1063\" class=\"accordion-collapse collapse \" role=\"tabpanel\" aria-labelledby=\"heading-1063\">\n\n\t\t\t\t<div class=\"accordion-content\">\n\t\t\t\t\t<p>Kanal tedavisini takiben, \u00f6zellikle de canl\u0131 di\u015flerin tedavisinin ard\u0131ndan ilgili di\u015fte birka\u00e7 g\u00fcn katlan\u0131labilir bir a\u011fr\u0131 veya di\u015fin \u00fczerine bas\u0131ld\u0131\u011f\u0131nda a\u011fr\u0131 olu\u015fabilir. Bu kanal tedavisi sonras\u0131 olu\u015fan normal bir a\u011fr\u0131d\u0131r. Kanal tedavisi yap\u0131lan di\u015fin biraz korunmas\u0131 ile k\u0131sa s\u00fcrede ortadan kalkar.<\/p>\t\t\t\t<\/div>\n\t\t\t\t\t\t\n\t\t\t\t<\/div>\n\t\t\t\t\n\t\t\t<\/div>\n\t\t\t\t\t\t\t\t\t<div class=\"accordion-item panel \">\n\t\t\t\t\n\t\t\t\t<div class=\"accordion-heading\" role=\"tab\" id=\"heading-1064\">\n\t\t\t\t<h5 class=\"accordion-title \">\t\t\t\t\t<a class=\"collapsed\" role=\"button\" data-toggle=\"collapse\" \n\t\t\t\t\tdata-parent=\"#accordion-69f0f6f379b6a\" href=\"#collapse-1064\" \n\t\t\t\t\taria-expanded=\"false\" aria-controls=\"collapse-1064\">\n\t\t\t\t\t\t\t\t\t\t\t\t<span class=\"accordion-title-txt\">Kanal tedavisinin ba\u015far\u0131 oran\u0131 nedir?<\/span>\n\t\t\t\t\t\t\t\t\t\t\t\t\t<span class=\"accordion-expander\"><i class=\"fa fa-chevron-down\"><\/i><i class=\"fa fa-chevron-up\"><\/i><\/span>\t\t\t\t\t\t\t\t\t\t\t<\/a>\n\t\t\t\t<\/h5>\t\t\t\t<\/div>\n\t\t\t\t\n\t\t\t\t<div id=\"collapse-1064\" class=\"accordion-collapse collapse \" role=\"tabpanel\" aria-labelledby=\"heading-1064\">\n\n\t\t\t\t<div class=\"accordion-content\">\n\t\t\t\t\t<p>G\u00fcn\u00fcm\u00fczde, do\u011fru tedavi y\u00f6ntemi uygulanan kanal tedavilerinde ba\u015far\u0131 oran\u0131 %90\u2019a varmaktad\u0131r.<\/p>\t\t\t\t<\/div>\n\t\t\t\t\t\t\n\t\t\t\t<\/div>\n\t\t\t\t\n\t\t\t<\/div>\n\t\t\t\t\t\t\t\t\t\n\t\t<\/div>\n\n\t\t\t\t<\/div>\n\t\t\t\t<\/div>\n\t\t\t\t\t<\/div>\n\t\t\t\t<\/div>\n\t\t\t\t\t\t\t<\/div>\n\t\t","protected":false},"excerpt":{"rendered":"<p>A\u011f\u0131z Di\u015f ve \u00c7ene Radyolojisi Di\u015f Filmi \u00c7ektirmemizin Amac\u0131 Nedir? Di\u015fleri bar\u0131nd\u0131ran ve g\u00f6zle g\u00f6r\u00fclmeyen kemik i\u00e7i yap\u0131lar\u0131n durumunun izlenmesi, var olan di\u015f\/di\u015feti rahats\u0131zl\u0131klar\u0131n\u0131n k\u00f6k ve kemik ile olan ili\u015fkilerinin belirlenmesi amac\u0131yla di\u015f filmi \u00e7ektirilir. Bu da ba\u015flang\u0131\u00e7ta var olan ya da d\u0131\u015far\u0131dan g\u00f6zle g\u00f6r\u00fclemeyecek rahats\u0131zl\u0131klar\u0131n te\u015fhis edilmesine ve erken tedavisine olanak sa\u011flar. A\u011f\u0131z i\u00e7erisindeki [&hellip;]<\/p>\n","protected":false},"author":1,"featured_media":0,"parent":0,"menu_order":0,"comment_status":"closed","ping_status":"closed","template":"","meta":{"footnotes":""},"class_list":["post-4668","page","type-page","status-publish","hentry"],"_links":{"self":[{"href":"https:\/\/dentalclinicnisantasi.com\/ar\/wp-json\/wp\/v2\/pages\/4668","targetHints":{"allow":["GET"]}}],"collection":[{"href":"https:\/\/dentalclinicnisantasi.com\/ar\/wp-json\/wp\/v2\/pages"}],"about":[{"href":"https:\/\/dentalclinicnisantasi.com\/ar\/wp-json\/wp\/v2\/types\/page"}],"author":[{"embeddable":true,"href":"https:\/\/dentalclinicnisantasi.com\/ar\/wp-json\/wp\/v2\/users\/1"}],"replies":[{"embeddable":true,"href":"https:\/\/dentalclinicnisantasi.com\/ar\/wp-json\/wp\/v2\/comments?post=4668"}],"version-history":[{"count":3,"href":"https:\/\/dentalclinicnisantasi.com\/ar\/wp-json\/wp\/v2\/pages\/4668\/revisions"}],"predecessor-version":[{"id":4671,"href":"https:\/\/dentalclinicnisantasi.com\/ar\/wp-json\/wp\/v2\/pages\/4668\/revisions\/4671"}],"wp:attachment":[{"href":"https:\/\/dentalclinicnisantasi.com\/ar\/wp-json\/wp\/v2\/media?parent=4668"}],"curies":[{"name":"wp","href":"https:\/\/api.w.org\/{rel}","templated":true}]}}